{"id":2293,"date":"2023-01-04T10:19:29","date_gmt":"2023-01-04T10:19:29","guid":{"rendered":"https:\/\/orecc.fr\/forez\/?page_id=2293"},"modified":"2024-10-24T12:14:02","modified_gmt":"2024-10-24T12:14:02","slug":"expert-comptable-montbrison-savigneux","status":"publish","type":"page","link":"https:\/\/orecc.fr\/forez\/","title":{"rendered":"Accueil"},"content":{"rendered":"\t\t<div data-elementor-type=\"wp-page\" data-elementor-id=\"2293\" class=\"elementor elementor-2293\" data-elementor-post-type=\"page\">\n\t\t\t\t<div class=\"elementor-element elementor-element-f5aa4b3 e-flex e-con-boxed e-con e-parent\" data-id=\"f5aa4b3\" data-element_type=\"container\" data-settings=\"{&quot;background_background&quot;:&quot;classic&quot;,&quot;background_motion_fx_motion_fx_scrolling&quot;:&quot;yes&quot;,&quot;background_motion_fx_translateY_effect&quot;:&quot;yes&quot;,&quot;background_motion_fx_translateY_speed&quot;:{&quot;unit&quot;:&quot;px&quot;,&quot;size&quot;:10,&quot;sizes&quot;:[]},&quot;background_motion_fx_translateY_affectedRange&quot;:{&quot;unit&quot;:&quot;%&quot;,&quot;size&quot;:&quot;&quot;,&quot;sizes&quot;:{&quot;start&quot;:0,&quot;end&quot;:58}},&quot;background_motion_fx_devices&quot;:[&quot;desktop&quot;,&quot;tablet&quot;,&quot;mobile&quot;]}\">\n\t\t\t\t\t<div class=\"e-con-inner\">\n\t\t\t\t<div class=\"elementor-element elementor-element-89bbf45 elementor-widget__width-initial elementor-widget-mobile__width-initial elementor-invisible elementor-widget elementor-widget-heading\" data-id=\"89bbf45\" data-element_type=\"widget\" data-settings=\"{&quot;_animation&quot;:&quot;fadeInLeft&quot;}\" data-widget_type=\"heading.default\">\n\t\t\t\t<div class=\"elementor-widget-container\">\n\t\t\t<h1 class=\"elementor-heading-title elementor-size-default\">Un cabinet d'expertise comptable proche de vous<\/h1>\t\t<\/div>\n\t\t\t\t<\/div>\n\t\t\t\t<div class=\"elementor-element elementor-element-be1faf8 elementor-widget__width-initial elementor-widget elementor-widget-text-editor\" data-id=\"be1faf8\" data-element_type=\"widget\" data-widget_type=\"text-editor.default\">\n\t\t\t\t<div class=\"elementor-widget-container\">\n\t\t\t\t\t\t\t<p><span style=\"color: #e5e5e5; font-family: 'Work Sans', sans-serif;\">La comptabilit\u00e9 est un \u00e9l\u00e9ment cl\u00e9 de la r\u00e9ussite de votre entreprise. Pour cela, le cabinet d&rsquo;expert comptable de Montbrison \/ Savigneux ORECC Forez vous accompagne dans chacune de vos d\u00e9marches et dans le suivi de vos projet afin d&rsquo;optimiser votre structure et votre rendement.<\/span><\/p>\t\t\t\t\t\t<\/div>\n\t\t\t\t<\/div>\n\t\t\t\t<div class=\"elementor-element elementor-element-ecc084c elementor-align-center elementor-mobile-align-center elementor-widget__width-initial elementor-widget-mobile__width-initial e-transform elementor-widget elementor-widget-button\" data-id=\"ecc084c\" data-element_type=\"widget\" data-settings=\"{&quot;_transform_scale_effect_hover&quot;:{&quot;unit&quot;:&quot;px&quot;,&quot;size&quot;:1.1,&quot;sizes&quot;:[]},&quot;_transform_scale_effect_hover_tablet&quot;:{&quot;unit&quot;:&quot;px&quot;,&quot;size&quot;:&quot;&quot;,&quot;sizes&quot;:[]},&quot;_transform_scale_effect_hover_mobile&quot;:{&quot;unit&quot;:&quot;px&quot;,&quot;size&quot;:&quot;&quot;,&quot;sizes&quot;:[]}}\" data-widget_type=\"button.default\">\n\t\t\t\t<div class=\"elementor-widget-container\">\n\t\t\t\t\t<div class=\"elementor-button-wrapper\">\n\t\t\t<a class=\"elementor-button elementor-button-link elementor-size-md\" href=\"#next\">\n\t\t\t\t\t\t<span class=\"elementor-button-content-wrapper\">\n\t\t\t\t\t\t\t\t\t<span class=\"elementor-button-text\">D\u00e9couvrir<\/span>\n\t\t\t\t\t<\/span>\n\t\t\t\t\t<\/a>\n\t\t<\/div>\n\t\t\t\t<\/div>\n\t\t\t\t<\/div>\n\t\t\t\t\t<\/div>\n\t\t\t\t<\/div>\n\t\t<div class=\"elementor-element elementor-element-3fe1fc5 e-flex e-con-boxed e-con e-parent\" data-id=\"3fe1fc5\" data-element_type=\"container\" id=\"next\">\n\t\t\t\t\t<div class=\"e-con-inner\">\n\t\t\t\t<div class=\"elementor-element elementor-element-2598f92 elementor-widget elementor-widget-spacer\" data-id=\"2598f92\" data-element_type=\"widget\" data-widget_type=\"spacer.default\">\n\t\t\t\t<div class=\"elementor-widget-container\">\n\t\t\t\t\t<div class=\"elementor-spacer\">\n\t\t\t<div class=\"elementor-spacer-inner\"><\/div>\n\t\t<\/div>\n\t\t\t\t<\/div>\n\t\t\t\t<\/div>\n\t\t\t\t\t<\/div>\n\t\t\t\t<\/div>\n\t\t<div class=\"elementor-element elementor-element-0073bcd e-con-full e-flex e-con e-parent\" data-id=\"0073bcd\" data-element_type=\"container\">\n\t\t\t\t<div class=\"elementor-element elementor-element-022eb5c elementor-widget elementor-widget-spacer\" data-id=\"022eb5c\" data-element_type=\"widget\" id=\"next\" data-widget_type=\"spacer.default\">\n\t\t\t\t<div class=\"elementor-widget-container\">\n\t\t\t\t\t<div class=\"elementor-spacer\">\n\t\t\t<div class=\"elementor-spacer-inner\"><\/div>\n\t\t<\/div>\n\t\t\t\t<\/div>\n\t\t\t\t<\/div>\n\t\t<div class=\"elementor-element elementor-element-7d980d2 e-con-full e-flex e-con e-child\" data-id=\"7d980d2\" data-element_type=\"container\">\n\t\t\t\t<div class=\"elementor-element elementor-element-cc417df elementor-widget elementor-widget-heading\" data-id=\"cc417df\" data-element_type=\"widget\" data-widget_type=\"heading.default\">\n\t\t\t\t<div class=\"elementor-widget-container\">\n\t\t\t<h2 class=\"elementor-heading-title elementor-size-default\">ORECC Expert comptable Montbrison Forez : Choisissez la r\u00e9ussite<\/h2>\t\t<\/div>\n\t\t\t\t<\/div>\n\t\t\t\t<\/div>\n\t\t<div class=\"elementor-element elementor-element-5bbe5de e-con-full e-flex e-con e-child\" data-id=\"5bbe5de\" data-element_type=\"container\">\n\t\t<div class=\"elementor-element elementor-element-86cddf2 e-con-full e-flex e-con e-child\" data-id=\"86cddf2\" data-element_type=\"container\">\n\t\t<div class=\"elementor-element elementor-element-9a3ecb8 e-con-full e-flex e-con e-child\" data-id=\"9a3ecb8\" data-element_type=\"container\">\n\t\t\t\t<div class=\"elementor-element elementor-element-c00fd3b elementor-widget__width-initial elementor-widget-mobile__width-inherit e-transform elementor-invisible elementor-widget elementor-widget-heading\" data-id=\"c00fd3b\" data-element_type=\"widget\" data-settings=\"{&quot;_animation&quot;:&quot;fadeInRight&quot;,&quot;motion_fx_motion_fx_mouse&quot;:&quot;yes&quot;,&quot;_transform_scale_effect_hover&quot;:{&quot;unit&quot;:&quot;px&quot;,&quot;size&quot;:1.1,&quot;sizes&quot;:[]},&quot;_transform_scale_effect_hover_tablet&quot;:{&quot;unit&quot;:&quot;px&quot;,&quot;size&quot;:&quot;&quot;,&quot;sizes&quot;:[]},&quot;_transform_scale_effect_hover_mobile&quot;:{&quot;unit&quot;:&quot;px&quot;,&quot;size&quot;:&quot;&quot;,&quot;sizes&quot;:[]}}\" data-widget_type=\"heading.default\">\n\t\t\t\t<div class=\"elementor-widget-container\">\n\t\t\t<p class=\"elementor-heading-title elementor-size-default\">01<\/p>\t\t<\/div>\n\t\t\t\t<\/div>\n\t\t\t\t<div class=\"elementor-element elementor-element-695b6e6 elementor-widget__width-initial elementor-widget-tablet__width-initial elementor-widget-mobile__width-inherit elementor-widget elementor-widget-icon-box\" data-id=\"695b6e6\" data-element_type=\"widget\" data-widget_type=\"icon-box.default\">\n\t\t\t\t<div class=\"elementor-widget-container\">\n\t\t\t\t\t<div class=\"elementor-icon-box-wrapper\">\n\n\t\t\t\n\t\t\t\t\t\t<div class=\"elementor-icon-box-content\">\n\n\t\t\t\t\t\t\t\t\t<h4 class=\"elementor-icon-box-title\">\n\t\t\t\t\t\t<span  >\n\t\t\t\t\t\t\tConseil\t\t\t\t\t\t<\/span>\n\t\t\t\t\t<\/h4>\n\t\t\t\t\n\t\t\t\t\t\t\t\t\t<p class=\"elementor-icon-box-description\">\n\t\t\t\t\t\tb\u00e9n\u00e9ficiez de nos recommandations et orientations tout au long de la vie de votre entreprise\t\t\t\t\t<\/p>\n\t\t\t\t\n\t\t\t<\/div>\n\t\t\t\n\t\t<\/div>\n\t\t\t\t<\/div>\n\t\t\t\t<\/div>\n\t\t\t\t<\/div>\n\t\t<div class=\"elementor-element elementor-element-02418d5 e-con-full e-flex e-con e-child\" data-id=\"02418d5\" data-element_type=\"container\">\n\t\t\t\t<div class=\"elementor-element elementor-element-e1aab71 elementor-widget__width-auto elementor-widget-mobile__width-inherit e-transform elementor-invisible elementor-widget elementor-widget-heading\" data-id=\"e1aab71\" data-element_type=\"widget\" data-settings=\"{&quot;_animation&quot;:&quot;fadeInRight&quot;,&quot;_transform_scale_effect_hover&quot;:{&quot;unit&quot;:&quot;px&quot;,&quot;size&quot;:1.1,&quot;sizes&quot;:[]},&quot;_transform_scale_effect_hover_tablet&quot;:{&quot;unit&quot;:&quot;px&quot;,&quot;size&quot;:&quot;&quot;,&quot;sizes&quot;:[]},&quot;_transform_scale_effect_hover_mobile&quot;:{&quot;unit&quot;:&quot;px&quot;,&quot;size&quot;:&quot;&quot;,&quot;sizes&quot;:[]}}\" data-widget_type=\"heading.default\">\n\t\t\t\t<div class=\"elementor-widget-container\">\n\t\t\t<p class=\"elementor-heading-title elementor-size-default\">02<\/p>\t\t<\/div>\n\t\t\t\t<\/div>\n\t\t\t\t<div class=\"elementor-element elementor-element-4df3fb5 elementor-widget__width-initial elementor-widget-tablet__width-initial elementor-widget-mobile__width-inherit elementor-widget elementor-widget-icon-box\" data-id=\"4df3fb5\" data-element_type=\"widget\" data-widget_type=\"icon-box.default\">\n\t\t\t\t<div class=\"elementor-widget-container\">\n\t\t\t\t\t<div class=\"elementor-icon-box-wrapper\">\n\n\t\t\t\n\t\t\t\t\t\t<div class=\"elementor-icon-box-content\">\n\n\t\t\t\t\t\t\t\t\t<h4 class=\"elementor-icon-box-title\">\n\t\t\t\t\t\t<span  >\n\t\t\t\t\t\t\tDisponibilit\u00e9\t\t\t\t\t\t<\/span>\n\t\t\t\t\t<\/h4>\n\t\t\t\t\n\t\t\t\t\t\t\t\t\t<p class=\"elementor-icon-box-description\">\n\t\t\t\t\t\tNous sommes \u00e0 votre \u00e9coute et mettons un point d'honneur \u00e0 vous informer r\u00e9guli\u00e8rement et \u00e0 garder de la proximit\u00e9\t\t\t\t\t<\/p>\n\t\t\t\t\n\t\t\t<\/div>\n\t\t\t\n\t\t<\/div>\n\t\t\t\t<\/div>\n\t\t\t\t<\/div>\n\t\t\t\t<\/div>\n\t\t<div class=\"elementor-element elementor-element-4bae29c e-con-full e-flex e-con e-child\" data-id=\"4bae29c\" data-element_type=\"container\">\n\t\t\t\t<div class=\"elementor-element elementor-element-033b7c0 elementor-widget__width-auto elementor-widget-mobile__width-inherit e-transform elementor-invisible elementor-widget elementor-widget-heading\" data-id=\"033b7c0\" data-element_type=\"widget\" data-settings=\"{&quot;_animation&quot;:&quot;fadeInRight&quot;,&quot;_transform_scale_effect_hover&quot;:{&quot;unit&quot;:&quot;px&quot;,&quot;size&quot;:1.1,&quot;sizes&quot;:[]},&quot;_transform_scale_effect_hover_tablet&quot;:{&quot;unit&quot;:&quot;px&quot;,&quot;size&quot;:&quot;&quot;,&quot;sizes&quot;:[]},&quot;_transform_scale_effect_hover_mobile&quot;:{&quot;unit&quot;:&quot;px&quot;,&quot;size&quot;:&quot;&quot;,&quot;sizes&quot;:[]}}\" data-widget_type=\"heading.default\">\n\t\t\t\t<div class=\"elementor-widget-container\">\n\t\t\t<p class=\"elementor-heading-title elementor-size-default\">03<\/p>\t\t<\/div>\n\t\t\t\t<\/div>\n\t\t\t\t<div class=\"elementor-element elementor-element-ab1823c elementor-widget__width-initial elementor-widget-tablet__width-initial elementor-widget-mobile__width-inherit elementor-widget elementor-widget-icon-box\" data-id=\"ab1823c\" data-element_type=\"widget\" data-widget_type=\"icon-box.default\">\n\t\t\t\t<div class=\"elementor-widget-container\">\n\t\t\t\t\t<div class=\"elementor-icon-box-wrapper\">\n\n\t\t\t\n\t\t\t\t\t\t<div class=\"elementor-icon-box-content\">\n\n\t\t\t\t\t\t\t\t\t<h4 class=\"elementor-icon-box-title\">\n\t\t\t\t\t\t<span  >\n\t\t\t\t\t\t\tS\u00e9r\u00e9nit\u00e9\t\t\t\t\t\t<\/span>\n\t\t\t\t\t<\/h4>\n\t\t\t\t\n\t\t\t\t\t\t\t\t\t<p class=\"elementor-icon-box-description\">\n\t\t\t\t\t\tLa p\u00e9rennit\u00e9 de votre entreprise n\u00e9cessite de la rigueur. Nous sommes l\u00e0 pour vous guider tout au long de votre aventure\t\t\t\t\t<\/p>\n\t\t\t\t\n\t\t\t<\/div>\n\t\t\t\n\t\t<\/div>\n\t\t\t\t<\/div>\n\t\t\t\t<\/div>\n\t\t\t\t<\/div>\n\t\t\t\t<\/div>\n\t\t\t\t<\/div>\n\t\t\t\t<div class=\"elementor-element elementor-element-064e329 elementor-mobile-align-center elementor-align-center e-transform e-transform elementor-widget elementor-widget-button\" data-id=\"064e329\" data-element_type=\"widget\" data-settings=\"{&quot;_transform_scale_effect_hover&quot;:{&quot;unit&quot;:&quot;px&quot;,&quot;size&quot;:0.9,&quot;sizes&quot;:[]},&quot;_transform_scaleX_effect&quot;:{&quot;unit&quot;:&quot;px&quot;,&quot;size&quot;:&quot;&quot;,&quot;sizes&quot;:[]},&quot;_transform_scaleX_effect_tablet&quot;:{&quot;unit&quot;:&quot;px&quot;,&quot;size&quot;:&quot;&quot;,&quot;sizes&quot;:[]},&quot;_transform_scaleX_effect_mobile&quot;:{&quot;unit&quot;:&quot;px&quot;,&quot;size&quot;:&quot;&quot;,&quot;sizes&quot;:[]},&quot;_transform_scaleY_effect&quot;:{&quot;unit&quot;:&quot;px&quot;,&quot;size&quot;:&quot;&quot;,&quot;sizes&quot;:[]},&quot;_transform_scaleY_effect_tablet&quot;:{&quot;unit&quot;:&quot;px&quot;,&quot;size&quot;:&quot;&quot;,&quot;sizes&quot;:[]},&quot;_transform_scaleY_effect_mobile&quot;:{&quot;unit&quot;:&quot;px&quot;,&quot;size&quot;:&quot;&quot;,&quot;sizes&quot;:[]},&quot;_transform_scale_effect_hover_tablet&quot;:{&quot;unit&quot;:&quot;px&quot;,&quot;size&quot;:&quot;&quot;,&quot;sizes&quot;:[]},&quot;_transform_scale_effect_hover_mobile&quot;:{&quot;unit&quot;:&quot;px&quot;,&quot;size&quot;:&quot;&quot;,&quot;sizes&quot;:[]}}\" data-widget_type=\"button.default\">\n\t\t\t\t<div class=\"elementor-widget-container\">\n\t\t\t\t\t<div class=\"elementor-button-wrapper\">\n\t\t\t<a class=\"elementor-button elementor-button-link elementor-size-sm\" href=\"https:\/\/orecc.fr\/forez\/offres-comptables-forez\/\">\n\t\t\t\t\t\t<span class=\"elementor-button-content-wrapper\">\n\t\t\t\t\t\t\t\t\t<span class=\"elementor-button-text\">Nos offres<\/span>\n\t\t\t\t\t<\/span>\n\t\t\t\t\t<\/a>\n\t\t<\/div>\n\t\t\t\t<\/div>\n\t\t\t\t<\/div>\n\t\t\t\t<\/div>\n\t\t\t\t<section class=\"elementor-section elementor-top-section elementor-element elementor-element-6a245aaa elementor-section-height-min-height elementor-section-boxed elementor-section-height-default elementor-section-items-middle\" data-id=\"6a245aaa\" data-element_type=\"section\" data-settings=\"{&quot;background_background&quot;:&quot;classic&quot;,&quot;background_motion_fx_scale_effect&quot;:&quot;yes&quot;,&quot;background_motion_fx_scale_speed&quot;:{&quot;unit&quot;:&quot;px&quot;,&quot;size&quot;:1,&quot;sizes&quot;:[]},&quot;background_motion_fx_scale_range&quot;:{&quot;unit&quot;:&quot;%&quot;,&quot;size&quot;:&quot;&quot;,&quot;sizes&quot;:{&quot;start&quot;:0,&quot;end&quot;:100}},&quot;background_motion_fx_motion_fx_scrolling&quot;:&quot;yes&quot;,&quot;background_motion_fx_opacity_effect&quot;:&quot;yes&quot;,&quot;background_motion_fx_opacity_direction&quot;:&quot;out-in&quot;,&quot;background_motion_fx_opacity_level&quot;:{&quot;unit&quot;:&quot;px&quot;,&quot;size&quot;:10,&quot;sizes&quot;:[]},&quot;background_motion_fx_opacity_range&quot;:{&quot;unit&quot;:&quot;%&quot;,&quot;size&quot;:&quot;&quot;,&quot;sizes&quot;:{&quot;start&quot;:20,&quot;end&quot;:80}},&quot;background_motion_fx_scale_direction&quot;:&quot;out-in&quot;,&quot;background_motion_fx_devices&quot;:[&quot;desktop&quot;,&quot;tablet&quot;,&quot;mobile&quot;]}\">\n\t\t\t\t\t\t\t<div class=\"elementor-background-overlay\"><\/div>\n\t\t\t\t\t\t\t<div class=\"elementor-container elementor-column-gap-no\">\n\t\t\t\t\t<div class=\"elementor-column elementor-col-33 elementor-top-column elementor-element elementor-element-3496f2c5\" data-id=\"3496f2c5\" data-element_type=\"column\">\n\t\t\t<div class=\"elementor-widget-wrap elementor-element-populated\">\n\t\t\t\t\t\t<div class=\"elementor-element elementor-element-685a5b74 elementor-invisible elementor-widget elementor-widget-heading\" data-id=\"685a5b74\" data-element_type=\"widget\" data-settings=\"{&quot;_animation&quot;:&quot;fadeIn&quot;,&quot;_animation_delay&quot;:200}\" data-widget_type=\"heading.default\">\n\t\t\t\t<div class=\"elementor-widget-container\">\n\t\t\t<h2 class=\"elementor-heading-title elementor-size-default\">Des comptes clairs pour une gestion sereine<\/h2>\t\t<\/div>\n\t\t\t\t<\/div>\n\t\t\t\t\t<\/div>\n\t\t<\/div>\n\t\t\t\t<div class=\"elementor-column elementor-col-33 elementor-top-column elementor-element elementor-element-60aa7e15\" data-id=\"60aa7e15\" data-element_type=\"column\" data-settings=\"{&quot;background_background&quot;:&quot;classic&quot;}\">\n\t\t\t<div class=\"elementor-widget-wrap elementor-element-populated\">\n\t\t\t\t\t\t<div class=\"elementor-element elementor-element-5464ccc0 elementor-widget elementor-widget-image\" data-id=\"5464ccc0\" data-element_type=\"widget\" data-settings=\"{&quot;motion_fx_motion_fx_scrolling&quot;:&quot;yes&quot;,&quot;motion_fx_scale_effect&quot;:&quot;yes&quot;,&quot;motion_fx_scale_speed&quot;:{&quot;unit&quot;:&quot;px&quot;,&quot;size&quot;:-2,&quot;sizes&quot;:[]},&quot;motion_fx_scale_range&quot;:{&quot;unit&quot;:&quot;%&quot;,&quot;size&quot;:&quot;&quot;,&quot;sizes&quot;:{&quot;start&quot;:40,&quot;end&quot;:100}},&quot;motion_fx_scale_direction&quot;:&quot;out-in&quot;,&quot;motion_fx_devices&quot;:[&quot;desktop&quot;,&quot;tablet&quot;,&quot;mobile&quot;]}\" data-widget_type=\"image.default\">\n\t\t\t\t<div class=\"elementor-widget-container\">\n\t\t\t\t\t\t\t\t\t\t\t\t\t<img fetchpriority=\"high\" decoding=\"async\" data-attachment-id=\"1186\" data-permalink=\"https:\/\/orecc.fr\/forez\/joshua-earle-87jymb9zfu-unsplash\/\" data-orig-file=\"https:\/\/i0.wp.com\/orecc.fr\/forez\/wp-content\/uploads\/sites\/9\/2020\/03\/joshua-earle-87JyMb9ZfU-unsplash-scaled.jpg?fit=2560%2C1707&amp;ssl=1\" data-orig-size=\"2560,1707\" data-comments-opened=\"1\" data-image-meta=\"{&quot;aperture&quot;:&quot;0&quot;,&quot;credit&quot;:&quot;&quot;,&quot;camera&quot;:&quot;&quot;,&quot;caption&quot;:&quot;&quot;,&quot;created_timestamp&quot;:&quot;0&quot;,&quot;copyright&quot;:&quot;&quot;,&quot;focal_length&quot;:&quot;0&quot;,&quot;iso&quot;:&quot;0&quot;,&quot;shutter_speed&quot;:&quot;0&quot;,&quot;title&quot;:&quot;&quot;,&quot;orientation&quot;:&quot;0&quot;}\" data-image-title=\"orecc\" data-image-description=\"\" data-image-caption=\"\" data-medium-file=\"https:\/\/i0.wp.com\/orecc.fr\/forez\/wp-content\/uploads\/sites\/9\/2020\/03\/joshua-earle-87JyMb9ZfU-unsplash-scaled.jpg?fit=300%2C200&amp;ssl=1\" data-large-file=\"https:\/\/i0.wp.com\/orecc.fr\/forez\/wp-content\/uploads\/sites\/9\/2020\/03\/joshua-earle-87JyMb9ZfU-unsplash-scaled.jpg?fit=700%2C467&amp;ssl=1\" width=\"700\" height=\"467\" src=\"https:\/\/i0.wp.com\/orecc.fr\/forez\/wp-content\/uploads\/sites\/9\/2020\/03\/joshua-earle-87JyMb9ZfU-unsplash-scaled.jpg?fit=700%2C467&amp;ssl=1\" class=\"attachment-large size-large wp-image-1186\" alt=\"orecc\" srcset=\"https:\/\/i0.wp.com\/orecc.fr\/forez\/wp-content\/uploads\/sites\/9\/2020\/03\/joshua-earle-87JyMb9ZfU-unsplash-scaled.jpg?w=2560&amp;ssl=1 2560w, https:\/\/i0.wp.com\/orecc.fr\/forez\/wp-content\/uploads\/sites\/9\/2020\/03\/joshua-earle-87JyMb9ZfU-unsplash-scaled.jpg?resize=300%2C200&amp;ssl=1 300w, https:\/\/i0.wp.com\/orecc.fr\/forez\/wp-content\/uploads\/sites\/9\/2020\/03\/joshua-earle-87JyMb9ZfU-unsplash-scaled.jpg?resize=700%2C467&amp;ssl=1 700w, https:\/\/i0.wp.com\/orecc.fr\/forez\/wp-content\/uploads\/sites\/9\/2020\/03\/joshua-earle-87JyMb9ZfU-unsplash-scaled.jpg?resize=768%2C512&amp;ssl=1 768w, https:\/\/i0.wp.com\/orecc.fr\/forez\/wp-content\/uploads\/sites\/9\/2020\/03\/joshua-earle-87JyMb9ZfU-unsplash-scaled.jpg?resize=1536%2C1024&amp;ssl=1 1536w, https:\/\/i0.wp.com\/orecc.fr\/forez\/wp-content\/uploads\/sites\/9\/2020\/03\/joshua-earle-87JyMb9ZfU-unsplash-scaled.jpg?resize=2048%2C1365&amp;ssl=1 2048w, https:\/\/i0.wp.com\/orecc.fr\/forez\/wp-content\/uploads\/sites\/9\/2020\/03\/joshua-earle-87JyMb9ZfU-unsplash-scaled.jpg?resize=1024%2C683&amp;ssl=1 1024w, https:\/\/i0.wp.com\/orecc.fr\/forez\/wp-content\/uploads\/sites\/9\/2020\/03\/joshua-earle-87JyMb9ZfU-unsplash-scaled.jpg?resize=1620%2C1080&amp;ssl=1 1620w, https:\/\/i0.wp.com\/orecc.fr\/forez\/wp-content\/uploads\/sites\/9\/2020\/03\/joshua-earle-87JyMb9ZfU-unsplash-scaled.jpg?w=2400&amp;ssl=1 2400w\" sizes=\"(max-width: 700px) 100vw, 700px\" data-attachment-id=\"1186\" data-permalink=\"https:\/\/orecc.fr\/forez\/joshua-earle-87jymb9zfu-unsplash\/\" data-orig-file=\"https:\/\/i0.wp.com\/orecc.fr\/forez\/wp-content\/uploads\/sites\/9\/2020\/03\/joshua-earle-87JyMb9ZfU-unsplash-scaled.jpg?fit=2560%2C1707&amp;ssl=1\" data-orig-size=\"2560,1707\" data-comments-opened=\"1\" data-image-meta=\"{&quot;aperture&quot;:&quot;0&quot;,&quot;credit&quot;:&quot;&quot;,&quot;camera&quot;:&quot;&quot;,&quot;caption&quot;:&quot;&quot;,&quot;created_timestamp&quot;:&quot;0&quot;,&quot;copyright&quot;:&quot;&quot;,&quot;focal_length&quot;:&quot;0&quot;,&quot;iso&quot;:&quot;0&quot;,&quot;shutter_speed&quot;:&quot;0&quot;,&quot;title&quot;:&quot;&quot;,&quot;orientation&quot;:&quot;0&quot;}\" data-image-title=\"orecc\" data-image-description=\"\" data-image-caption=\"\" data-medium-file=\"https:\/\/i0.wp.com\/orecc.fr\/forez\/wp-content\/uploads\/sites\/9\/2020\/03\/joshua-earle-87JyMb9ZfU-unsplash-scaled.jpg?fit=300%2C200&amp;ssl=1\" data-large-file=\"https:\/\/i0.wp.com\/orecc.fr\/forez\/wp-content\/uploads\/sites\/9\/2020\/03\/joshua-earle-87JyMb9ZfU-unsplash-scaled.jpg?fit=700%2C467&amp;ssl=1\" \/>\t\t\t\t\t\t\t\t\t\t\t\t\t<\/div>\n\t\t\t\t<\/div>\n\t\t\t\t\t<\/div>\n\t\t<\/div>\n\t\t\t\t<div class=\"elementor-column elementor-col-33 elementor-top-column elementor-element elementor-element-45a81f93\" data-id=\"45a81f93\" data-element_type=\"column\">\n\t\t\t<div class=\"elementor-widget-wrap elementor-element-populated\">\n\t\t\t\t\t\t<div class=\"elementor-element elementor-element-49102abd elementor-invisible elementor-widget elementor-widget-text-editor\" data-id=\"49102abd\" data-element_type=\"widget\" data-settings=\"{&quot;_animation&quot;:&quot;fadeIn&quot;,&quot;_animation_delay&quot;:400}\" data-widget_type=\"text-editor.default\">\n\t\t\t\t<div class=\"elementor-widget-container\">\n\t\t\t\t\t\t\t<p>Les \u00e9quipes d&rsquo;ORECC Forez Montbrison\/Savigneux sont disponibles pour vous accompagner dans vos d\u00e9marches de la construction \u00e0 l&rsquo;aboutissement pour que vous puissiez vous concentrer sur l&rsquo;essentiel.<\/p>\t\t\t\t\t\t<\/div>\n\t\t\t\t<\/div>\n\t\t\t\t\t<\/div>\n\t\t<\/div>\n\t\t\t\t\t<\/div>\n\t\t<\/section>\n\t\t\t\t<section class=\"elementor-section elementor-top-section elementor-element elementor-element-69edd213 elementor-section-boxed elementor-section-height-default elementor-section-height-default\" data-id=\"69edd213\" data-element_type=\"section\" id=\"services\" data-settings=\"{&quot;background_background&quot;:&quot;classic&quot;,&quot;shape_divider_top&quot;:&quot;mountains&quot;}\">\n\t\t\t\t\t<div class=\"elementor-shape elementor-shape-top\" data-negative=\"false\">\n\t\t\t<svg xmlns=\"http:\/\/www.w3.org\/2000\/svg\" viewBox=\"0 0 1000 100\" preserveAspectRatio=\"none\">\n\t<path class=\"elementor-shape-fill\" opacity=\"0.33\" d=\"M473,67.3c-203.9,88.3-263.1-34-320.3,0C66,119.1,0,59.7,0,59.7V0h1000v59.7 c0,0-62.1,26.1-94.9,29.3c-32.8,3.3-62.8-12.3-75.8-22.1C806,49.6,745.3,8.7,694.9,4.7S492.4,59,473,67.3z\"\/>\n\t<path class=\"elementor-shape-fill\" opacity=\"0.66\" d=\"M734,67.3c-45.5,0-77.2-23.2-129.1-39.1c-28.6-8.7-150.3-10.1-254,39.1 s-91.7-34.4-149.2,0C115.7,118.3,0,39.8,0,39.8V0h1000v36.5c0,0-28.2-18.5-92.1-18.5C810.2,18.1,775.7,67.3,734,67.3z\"\/>\n\t<path class=\"elementor-shape-fill\" d=\"M766.1,28.9c-200-57.5-266,65.5-395.1,19.5C242,1.8,242,5.4,184.8,20.6C128,35.8,132.3,44.9,89.9,52.5C28.6,63.7,0,0,0,0 h1000c0,0-9.9,40.9-83.6,48.1S829.6,47,766.1,28.9z\"\/>\n<\/svg>\t\t<\/div>\n\t\t\t\t\t<div class=\"elementor-container elementor-column-gap-no\">\n\t\t\t\t\t<div class=\"elementor-column elementor-col-50 elementor-top-column elementor-element elementor-element-40ad242d elementor-invisible\" data-id=\"40ad242d\" data-element_type=\"column\" data-settings=\"{&quot;animation&quot;:&quot;fadeIn&quot;}\">\n\t\t\t<div class=\"elementor-widget-wrap elementor-element-populated\">\n\t\t\t\t\t\t<div class=\"elementor-element elementor-element-5169b506 elementor-vertical-align-top elementor-invisible elementor-widget elementor-widget-icon-box\" data-id=\"5169b506\" data-element_type=\"widget\" data-settings=\"{&quot;_animation&quot;:&quot;fadeIn&quot;,&quot;_animation_mobile&quot;:&quot;fadeInUp&quot;}\" data-widget_type=\"icon-box.default\">\n\t\t\t\t<div class=\"elementor-widget-container\">\n\t\t\t\t\t<div class=\"elementor-icon-box-wrapper\">\n\n\t\t\t\n\t\t\t\t\t\t<div class=\"elementor-icon-box-content\">\n\n\t\t\t\t\t\t\t\t\t<h3 class=\"elementor-icon-box-title\">\n\t\t\t\t\t\t<span  >\n\t\t\t\t\t\t\tUne comptabilit\u00e9 sur mesure\t\t\t\t\t\t<\/span>\n\t\t\t\t\t<\/h3>\n\t\t\t\t\n\t\t\t\t\t\t\t\t\t<p class=\"elementor-icon-box-description\">\n\t\t\t\t\t\tPeu importe la taille de votre structure, nous vous proposons une solution adapt\u00e9e \u00e0 votre besoin.\t\t\t\t\t<\/p>\n\t\t\t\t\n\t\t\t<\/div>\n\t\t\t\n\t\t<\/div>\n\t\t\t\t<\/div>\n\t\t\t\t<\/div>\n\t\t\t\t<div class=\"elementor-element elementor-element-1e7dcce3 elementor-vertical-align-top elementor-invisible elementor-widget elementor-widget-icon-box\" data-id=\"1e7dcce3\" data-element_type=\"widget\" data-settings=\"{&quot;_animation&quot;:&quot;fadeIn&quot;,&quot;_animation_mobile&quot;:&quot;fadeInUp&quot;}\" data-widget_type=\"icon-box.default\">\n\t\t\t\t<div class=\"elementor-widget-container\">\n\t\t\t\t\t<div class=\"elementor-icon-box-wrapper\">\n\n\t\t\t\n\t\t\t\t\t\t<div class=\"elementor-icon-box-content\">\n\n\t\t\t\t\t\t\t\t\t<h3 class=\"elementor-icon-box-title\">\n\t\t\t\t\t\t<span  >\n\t\t\t\t\t\t\tLa proximit\u00e9 est un atout\t\t\t\t\t\t<\/span>\n\t\t\t\t\t<\/h3>\n\t\t\t\t\n\t\t\t\t\t\t\t\t\t<p class=\"elementor-icon-box-description\">\n\t\t\t\t\t\tChaque client m\u00e9rite que l'on soit disponible et inform\u00e9 des perspectives et \u00e9volutions de sa structure pour r\u00e9pondre au mieux \u00e0 ses demandes avec un coup d'avance.\t\t\t\t\t<\/p>\n\t\t\t\t\n\t\t\t<\/div>\n\t\t\t\n\t\t<\/div>\n\t\t\t\t<\/div>\n\t\t\t\t<\/div>\n\t\t\t\t<div class=\"elementor-element elementor-element-a288d6e elementor-vertical-align-top elementor-invisible elementor-widget elementor-widget-icon-box\" data-id=\"a288d6e\" data-element_type=\"widget\" data-settings=\"{&quot;_animation&quot;:&quot;fadeIn&quot;,&quot;_animation_mobile&quot;:&quot;fadeInUp&quot;}\" data-widget_type=\"icon-box.default\">\n\t\t\t\t<div class=\"elementor-widget-container\">\n\t\t\t\t\t<div class=\"elementor-icon-box-wrapper\">\n\n\t\t\t\n\t\t\t\t\t\t<div class=\"elementor-icon-box-content\">\n\n\t\t\t\t\t\t\t\t\t<h3 class=\"elementor-icon-box-title\">\n\t\t\t\t\t\t<span  >\n\t\t\t\t\t\t\tsavoir \u00eatre \u00e0 l'\u00e9coute\t\t\t\t\t\t<\/span>\n\t\t\t\t\t<\/h3>\n\t\t\t\t\n\t\t\t\t\t\t\t\t\t<p class=\"elementor-icon-box-description\">\n\t\t\t\t\t\tParce que vous apporter des r\u00e9ponses claires et concises \u00e0 vos demandes est notre priorit\u00e9.\t\t\t\t\t<\/p>\n\t\t\t\t\n\t\t\t<\/div>\n\t\t\t\n\t\t<\/div>\n\t\t\t\t<\/div>\n\t\t\t\t<\/div>\n\t\t\t\t\t<\/div>\n\t\t<\/div>\n\t\t\t\t<div class=\"elementor-column elementor-col-50 elementor-top-column elementor-element elementor-element-10e5ff7c elementor-invisible\" data-id=\"10e5ff7c\" data-element_type=\"column\" data-settings=\"{&quot;animation&quot;:&quot;fadeIn&quot;}\">\n\t\t\t<div class=\"elementor-widget-wrap elementor-element-populated\">\n\t\t\t\t\t\t<div class=\"elementor-element elementor-element-4449042a elementor-vertical-align-top elementor-invisible elementor-widget elementor-widget-icon-box\" data-id=\"4449042a\" data-element_type=\"widget\" data-settings=\"{&quot;_animation&quot;:&quot;fadeIn&quot;,&quot;_animation_mobile&quot;:&quot;fadeInUp&quot;}\" data-widget_type=\"icon-box.default\">\n\t\t\t\t<div class=\"elementor-widget-container\">\n\t\t\t\t\t<div class=\"elementor-icon-box-wrapper\">\n\n\t\t\t\n\t\t\t\t\t\t<div class=\"elementor-icon-box-content\">\n\n\t\t\t\t\t\t\t\t\t<h3 class=\"elementor-icon-box-title\">\n\t\t\t\t\t\t<span  >\n\t\t\t\t\t\t\tLe choix de la tranquilit\u00e9\t\t\t\t\t\t<\/span>\n\t\t\t\t\t<\/h3>\n\t\t\t\t\n\t\t\t\t\t\t\t\t\t<p class=\"elementor-icon-box-description\">\n\t\t\t\t\t\tNous prenons soin de traiter chacune de vos demandes comptables en toute transparence afin que vous puissiez vous concentrer sur l'essentiel.\t\t\t\t\t<\/p>\n\t\t\t\t\n\t\t\t<\/div>\n\t\t\t\n\t\t<\/div>\n\t\t\t\t<\/div>\n\t\t\t\t<\/div>\n\t\t\t\t<div class=\"elementor-element elementor-element-5071b4f elementor-vertical-align-top elementor-invisible elementor-widget elementor-widget-icon-box\" data-id=\"5071b4f\" data-element_type=\"widget\" data-settings=\"{&quot;_animation&quot;:&quot;fadeIn&quot;,&quot;_animation_mobile&quot;:&quot;fadeInUp&quot;}\" data-widget_type=\"icon-box.default\">\n\t\t\t\t<div class=\"elementor-widget-container\">\n\t\t\t\t\t<div class=\"elementor-icon-box-wrapper\">\n\n\t\t\t\n\t\t\t\t\t\t<div class=\"elementor-icon-box-content\">\n\n\t\t\t\t\t\t\t\t\t<h3 class=\"elementor-icon-box-title\">\n\t\t\t\t\t\t<span  >\n\t\t\t\t\t\t\t\u00eatre r\u00e9actif \u00e0 tout moment\t\t\t\t\t\t<\/span>\n\t\t\t\t\t<\/h3>\n\t\t\t\t\n\t\t\t\t\t\t\t\t\t<p class=\"elementor-icon-box-description\">\n\t\t\t\t\t\tLa gestion d'une entreprise peut parfois engendrer des moments de pr\u00e9cipitations. Pas de panique, nous sommes l\u00e0 pour vous \u00e9pauler dans ces \u00e9preuves et faire en sorte que tout soit en ordre.\t\t\t\t\t<\/p>\n\t\t\t\t\n\t\t\t<\/div>\n\t\t\t\n\t\t<\/div>\n\t\t\t\t<\/div>\n\t\t\t\t<\/div>\n\t\t\t\t<div class=\"elementor-element elementor-element-177ebcc6 elementor-vertical-align-top elementor-invisible elementor-widget elementor-widget-icon-box\" data-id=\"177ebcc6\" data-element_type=\"widget\" data-settings=\"{&quot;_animation&quot;:&quot;fadeIn&quot;,&quot;_animation_mobile&quot;:&quot;fadeInUp&quot;}\" data-widget_type=\"icon-box.default\">\n\t\t\t\t<div class=\"elementor-widget-container\">\n\t\t\t\t\t<div class=\"elementor-icon-box-wrapper\">\n\n\t\t\t\n\t\t\t\t\t\t<div class=\"elementor-icon-box-content\">\n\n\t\t\t\t\t\t\t\t\t<h3 class=\"elementor-icon-box-title\">\n\t\t\t\t\t\t<span  >\n\t\t\t\t\t\t\tNotre expertise, votre avantage\t\t\t\t\t\t<\/span>\n\t\t\t\t\t<\/h3>\n\t\t\t\t\n\t\t\t\t\t\t\t\t\t<p class=\"elementor-icon-box-description\">\n\t\t\t\t\t\tDepuis bient\u00f4t 20 ans, nous mettons notre expertise \u00e0 votre service afin de r\u00e9pondre au mieux \u00e0 vos besoins.\t\t\t\t\t<\/p>\n\t\t\t\t\n\t\t\t<\/div>\n\t\t\t\n\t\t<\/div>\n\t\t\t\t<\/div>\n\t\t\t\t<\/div>\n\t\t\t\t\t<\/div>\n\t\t<\/div>\n\t\t\t\t\t<\/div>\n\t\t<\/section>\n\t\t\t\t<section class=\"elementor-section elementor-top-section elementor-element elementor-element-181fdcd0 elementor-section-full_width elementor-section-height-full elementor-section-items-stretch elementor-section-content-middle elementor-section-height-default\" data-id=\"181fdcd0\" data-element_type=\"section\" data-settings=\"{&quot;background_background&quot;:&quot;classic&quot;}\">\n\t\t\t\t\t\t<div class=\"elementor-container elementor-column-gap-no\">\n\t\t\t\t\t<div class=\"elementor-column elementor-col-100 elementor-top-column elementor-element elementor-element-454f6a1a\" data-id=\"454f6a1a\" data-element_type=\"column\">\n\t\t\t<div class=\"elementor-widget-wrap elementor-element-populated\">\n\t\t\t\t\t\t<div class=\"elementor-element elementor-element-5b265c03 elementor-widget__width-initial elementor-widget-tablet__width-initial elementor-hidden-desktop elementor-invisible elementor-widget elementor-widget-image\" data-id=\"5b265c03\" data-element_type=\"widget\" data-settings=\"{&quot;motion_fx_motion_fx_scrolling&quot;:&quot;yes&quot;,&quot;motion_fx_translateY_effect&quot;:&quot;yes&quot;,&quot;motion_fx_translateY_speed&quot;:{&quot;unit&quot;:&quot;px&quot;,&quot;size&quot;:1.5,&quot;sizes&quot;:[]},&quot;_animation&quot;:&quot;slideInDown&quot;,&quot;_animation_mobile&quot;:&quot;slideInUp&quot;,&quot;motion_fx_translateY_affectedRange&quot;:{&quot;unit&quot;:&quot;%&quot;,&quot;size&quot;:&quot;&quot;,&quot;sizes&quot;:{&quot;start&quot;:0,&quot;end&quot;:100}},&quot;motion_fx_devices&quot;:[&quot;desktop&quot;,&quot;tablet&quot;,&quot;mobile&quot;]}\" data-widget_type=\"image.default\">\n\t\t\t\t<div class=\"elementor-widget-container\">\n\t\t\t\t\t\t\t\t\t\t\t\t\t<img decoding=\"async\" data-attachment-id=\"2327\" data-permalink=\"https:\/\/orecc.fr\/forez\/expert-comptable-montbrison-savigneux\/handshake\/\" data-orig-file=\"https:\/\/i0.wp.com\/orecc.fr\/forez\/wp-content\/uploads\/sites\/9\/2023\/01\/Handshake.png?fit=1000%2C453&amp;ssl=1\" data-orig-size=\"1000,453\" data-comments-opened=\"0\" data-image-meta=\"{&quot;aperture&quot;:&quot;0&quot;,&quot;credit&quot;:&quot;&quot;,&quot;camera&quot;:&quot;&quot;,&quot;caption&quot;:&quot;&quot;,&quot;created_timestamp&quot;:&quot;0&quot;,&quot;copyright&quot;:&quot;&quot;,&quot;focal_length&quot;:&quot;0&quot;,&quot;iso&quot;:&quot;0&quot;,&quot;shutter_speed&quot;:&quot;0&quot;,&quot;title&quot;:&quot;&quot;,&quot;orientation&quot;:&quot;0&quot;}\" data-image-title=\"Expert comptable Montbrison Savigneux Orecc Forez contrat gestion\" data-image-description=\"&lt;p&gt;Notre expertise, votre int\u00e9r\u00eat.&lt;br \/&gt;\nORECC Forez vous accompagne dans la r\u00e9ussite de vos projet en g\u00e9rant votre comptabilit\u00e9 sur mesure&lt;\/p&gt;\n\" data-image-caption=\"&lt;p&gt;Cabinet de comptabilit\u00e9 expert comptable et gestion \u00e0 Montbrison ORECC Forez Savigneux&lt;\/p&gt;\n\" data-medium-file=\"https:\/\/i0.wp.com\/orecc.fr\/forez\/wp-content\/uploads\/sites\/9\/2023\/01\/Handshake.png?fit=300%2C136&amp;ssl=1\" data-large-file=\"https:\/\/i0.wp.com\/orecc.fr\/forez\/wp-content\/uploads\/sites\/9\/2023\/01\/Handshake.png?fit=700%2C317&amp;ssl=1\" width=\"700\" height=\"317\" src=\"https:\/\/i0.wp.com\/orecc.fr\/forez\/wp-content\/uploads\/sites\/9\/2023\/01\/Handshake.png?fit=700%2C317&amp;ssl=1\" class=\"attachment-large size-large wp-image-2327\" alt=\"\" srcset=\"https:\/\/i0.wp.com\/orecc.fr\/forez\/wp-content\/uploads\/sites\/9\/2023\/01\/Handshake.png?w=1000&amp;ssl=1 1000w, https:\/\/i0.wp.com\/orecc.fr\/forez\/wp-content\/uploads\/sites\/9\/2023\/01\/Handshake.png?resize=300%2C136&amp;ssl=1 300w, https:\/\/i0.wp.com\/orecc.fr\/forez\/wp-content\/uploads\/sites\/9\/2023\/01\/Handshake.png?resize=700%2C317&amp;ssl=1 700w, https:\/\/i0.wp.com\/orecc.fr\/forez\/wp-content\/uploads\/sites\/9\/2023\/01\/Handshake.png?resize=768%2C348&amp;ssl=1 768w\" sizes=\"(max-width: 700px) 100vw, 700px\" data-attachment-id=\"2327\" data-permalink=\"https:\/\/orecc.fr\/forez\/expert-comptable-montbrison-savigneux\/handshake\/\" data-orig-file=\"https:\/\/i0.wp.com\/orecc.fr\/forez\/wp-content\/uploads\/sites\/9\/2023\/01\/Handshake.png?fit=1000%2C453&amp;ssl=1\" data-orig-size=\"1000,453\" data-comments-opened=\"0\" data-image-meta=\"{&quot;aperture&quot;:&quot;0&quot;,&quot;credit&quot;:&quot;&quot;,&quot;camera&quot;:&quot;&quot;,&quot;caption&quot;:&quot;&quot;,&quot;created_timestamp&quot;:&quot;0&quot;,&quot;copyright&quot;:&quot;&quot;,&quot;focal_length&quot;:&quot;0&quot;,&quot;iso&quot;:&quot;0&quot;,&quot;shutter_speed&quot;:&quot;0&quot;,&quot;title&quot;:&quot;&quot;,&quot;orientation&quot;:&quot;0&quot;}\" data-image-title=\"Expert comptable Montbrison Savigneux Orecc Forez contrat gestion\" data-image-description=\"&lt;p&gt;Notre expertise, votre int\u00e9r\u00eat.&lt;br \/&gt;\nORECC Forez vous accompagne dans la r\u00e9ussite de vos projet en g\u00e9rant votre comptabilit\u00e9 sur mesure&lt;\/p&gt;\n\" data-image-caption=\"&lt;p&gt;Cabinet de comptabilit\u00e9 expert comptable et gestion \u00e0 Montbrison ORECC Forez Savigneux&lt;\/p&gt;\n\" data-medium-file=\"https:\/\/i0.wp.com\/orecc.fr\/forez\/wp-content\/uploads\/sites\/9\/2023\/01\/Handshake.png?fit=300%2C136&amp;ssl=1\" data-large-file=\"https:\/\/i0.wp.com\/orecc.fr\/forez\/wp-content\/uploads\/sites\/9\/2023\/01\/Handshake.png?fit=700%2C317&amp;ssl=1\" \/>\t\t\t\t\t\t\t\t\t\t\t\t\t<\/div>\n\t\t\t\t<\/div>\n\t\t\t\t<div class=\"elementor-element elementor-element-6bd4cf7 elementor-widget__width-initial elementor-widget-tablet__width-initial elementor-absolute elementor-widget-mobile__width-inherit elementor-hidden-mobile elementor-hidden-tablet elementor-invisible elementor-widget elementor-widget-image\" data-id=\"6bd4cf7\" data-element_type=\"widget\" data-settings=\"{&quot;motion_fx_motion_fx_scrolling&quot;:&quot;yes&quot;,&quot;motion_fx_translateY_effect&quot;:&quot;yes&quot;,&quot;motion_fx_translateY_speed&quot;:{&quot;unit&quot;:&quot;px&quot;,&quot;size&quot;:1,&quot;sizes&quot;:[]},&quot;_animation&quot;:&quot;slideInDown&quot;,&quot;_position&quot;:&quot;absolute&quot;,&quot;motion_fx_translateY_affectedRange&quot;:{&quot;unit&quot;:&quot;%&quot;,&quot;size&quot;:&quot;&quot;,&quot;sizes&quot;:{&quot;start&quot;:0,&quot;end&quot;:100}},&quot;motion_fx_devices&quot;:[&quot;desktop&quot;,&quot;tablet&quot;,&quot;mobile&quot;]}\" data-widget_type=\"image.default\">\n\t\t\t\t<div class=\"elementor-widget-container\">\n\t\t\t\t\t\t\t\t\t\t\t\t\t<img decoding=\"async\" data-attachment-id=\"2358\" data-permalink=\"https:\/\/orecc.fr\/forez\/expert-comptable-montbrison-savigneux\/handshake-final\/\" data-orig-file=\"https:\/\/i0.wp.com\/orecc.fr\/forez\/wp-content\/uploads\/sites\/9\/2023\/01\/handshake-final.jpg?fit=800%2C964&amp;ssl=1\" data-orig-size=\"800,964\" data-comments-opened=\"0\" data-image-meta=\"{&quot;aperture&quot;:&quot;0&quot;,&quot;credit&quot;:&quot;&quot;,&quot;camera&quot;:&quot;&quot;,&quot;caption&quot;:&quot;&quot;,&quot;created_timestamp&quot;:&quot;0&quot;,&quot;copyright&quot;:&quot;&quot;,&quot;focal_length&quot;:&quot;0&quot;,&quot;iso&quot;:&quot;0&quot;,&quot;shutter_speed&quot;:&quot;0&quot;,&quot;title&quot;:&quot;&quot;,&quot;orientation&quot;:&quot;0&quot;}\" data-image-title=\"Expert comptable Montbrison \/ Savigneux \/ Forez\" data-image-description=\"\" data-image-caption=\"&lt;p&gt;Cabinet comptable gestion expert comptable savigneux montbrison ORECC forez&lt;\/p&gt;\n\" data-medium-file=\"https:\/\/i0.wp.com\/orecc.fr\/forez\/wp-content\/uploads\/sites\/9\/2023\/01\/handshake-final.jpg?fit=249%2C300&amp;ssl=1\" data-large-file=\"https:\/\/i0.wp.com\/orecc.fr\/forez\/wp-content\/uploads\/sites\/9\/2023\/01\/handshake-final.jpg?fit=581%2C700&amp;ssl=1\" width=\"581\" height=\"700\" src=\"https:\/\/i0.wp.com\/orecc.fr\/forez\/wp-content\/uploads\/sites\/9\/2023\/01\/handshake-final.jpg?fit=581%2C700&amp;ssl=1\" class=\"attachment-large size-large wp-image-2358\" alt=\"Cabinet d&#039;expertise comptable \u00e0 montbrison Orecc Forez\" srcset=\"https:\/\/i0.wp.com\/orecc.fr\/forez\/wp-content\/uploads\/sites\/9\/2023\/01\/handshake-final.jpg?w=800&amp;ssl=1 800w, https:\/\/i0.wp.com\/orecc.fr\/forez\/wp-content\/uploads\/sites\/9\/2023\/01\/handshake-final.jpg?resize=249%2C300&amp;ssl=1 249w, https:\/\/i0.wp.com\/orecc.fr\/forez\/wp-content\/uploads\/sites\/9\/2023\/01\/handshake-final.jpg?resize=581%2C700&amp;ssl=1 581w, https:\/\/i0.wp.com\/orecc.fr\/forez\/wp-content\/uploads\/sites\/9\/2023\/01\/handshake-final.jpg?resize=768%2C925&amp;ssl=1 768w\" sizes=\"(max-width: 581px) 100vw, 581px\" data-attachment-id=\"2358\" data-permalink=\"https:\/\/orecc.fr\/forez\/expert-comptable-montbrison-savigneux\/handshake-final\/\" data-orig-file=\"https:\/\/i0.wp.com\/orecc.fr\/forez\/wp-content\/uploads\/sites\/9\/2023\/01\/handshake-final.jpg?fit=800%2C964&amp;ssl=1\" data-orig-size=\"800,964\" data-comments-opened=\"0\" data-image-meta=\"{&quot;aperture&quot;:&quot;0&quot;,&quot;credit&quot;:&quot;&quot;,&quot;camera&quot;:&quot;&quot;,&quot;caption&quot;:&quot;&quot;,&quot;created_timestamp&quot;:&quot;0&quot;,&quot;copyright&quot;:&quot;&quot;,&quot;focal_length&quot;:&quot;0&quot;,&quot;iso&quot;:&quot;0&quot;,&quot;shutter_speed&quot;:&quot;0&quot;,&quot;title&quot;:&quot;&quot;,&quot;orientation&quot;:&quot;0&quot;}\" data-image-title=\"Expert comptable Montbrison \/ Savigneux \/ Forez\" data-image-description=\"\" data-image-caption=\"&lt;p&gt;Cabinet comptable gestion expert comptable savigneux montbrison ORECC forez&lt;\/p&gt;\n\" data-medium-file=\"https:\/\/i0.wp.com\/orecc.fr\/forez\/wp-content\/uploads\/sites\/9\/2023\/01\/handshake-final.jpg?fit=249%2C300&amp;ssl=1\" data-large-file=\"https:\/\/i0.wp.com\/orecc.fr\/forez\/wp-content\/uploads\/sites\/9\/2023\/01\/handshake-final.jpg?fit=581%2C700&amp;ssl=1\" \/>\t\t\t\t\t\t\t\t\t\t\t\t\t<\/div>\n\t\t\t\t<\/div>\n\t\t\t\t<div class=\"elementor-element elementor-element-56dc03b0 elementor-widget__width-auto elementor-absolute elementor-widget-mobile__width-initial elementor-hidden-mobile elementor-hidden-tablet elementor-invisible elementor-widget elementor-widget-image\" data-id=\"56dc03b0\" data-element_type=\"widget\" data-settings=\"{&quot;motion_fx_motion_fx_scrolling&quot;:&quot;yes&quot;,&quot;motion_fx_translateY_effect&quot;:&quot;yes&quot;,&quot;motion_fx_translateY_direction&quot;:&quot;negative&quot;,&quot;motion_fx_translateY_speed&quot;:{&quot;unit&quot;:&quot;px&quot;,&quot;size&quot;:1.5,&quot;sizes&quot;:[]},&quot;_animation&quot;:&quot;slideInUp&quot;,&quot;_position&quot;:&quot;absolute&quot;,&quot;motion_fx_translateY_affectedRange&quot;:{&quot;unit&quot;:&quot;%&quot;,&quot;size&quot;:&quot;&quot;,&quot;sizes&quot;:{&quot;start&quot;:0,&quot;end&quot;:100}},&quot;motion_fx_devices&quot;:[&quot;desktop&quot;,&quot;tablet&quot;,&quot;mobile&quot;]}\" data-widget_type=\"image.default\">\n\t\t\t\t<div class=\"elementor-widget-container\">\n\t\t\t\t\t\t\t\t\t\t\t\t\t<img loading=\"lazy\" decoding=\"async\" data-attachment-id=\"2154\" data-permalink=\"https:\/\/orecc.fr\/forez\/cropped-cropped-orecc-roanne10-1-2-png\/\" data-orig-file=\"https:\/\/i0.wp.com\/orecc.fr\/forez\/wp-content\/uploads\/sites\/9\/2019\/03\/cropped-cropped-ORECC-ROANNE10-1-2.png?fit=1500%2C1000&amp;ssl=1\" data-orig-size=\"1500,1000\" data-comments-opened=\"0\" data-image-meta=\"{&quot;aperture&quot;:&quot;0&quot;,&quot;credit&quot;:&quot;&quot;,&quot;camera&quot;:&quot;&quot;,&quot;caption&quot;:&quot;&quot;,&quot;created_timestamp&quot;:&quot;0&quot;,&quot;copyright&quot;:&quot;&quot;,&quot;focal_length&quot;:&quot;0&quot;,&quot;iso&quot;:&quot;0&quot;,&quot;shutter_speed&quot;:&quot;0&quot;,&quot;title&quot;:&quot;&quot;,&quot;orientation&quot;:&quot;0&quot;}\" data-image-title=\"Expert comptable Montbrison \/ Savigneux &#8211; ORECC Forez\" data-image-description=\"\" data-image-caption=\"&lt;p&gt;Bureau cabinet expert comptable et gestion ORECC Forez \u00e0 Montbrison Savigneux&lt;\/p&gt;\n\" data-medium-file=\"https:\/\/i0.wp.com\/orecc.fr\/forez\/wp-content\/uploads\/sites\/9\/2019\/03\/cropped-cropped-ORECC-ROANNE10-1-2.png?fit=300%2C200&amp;ssl=1\" data-large-file=\"https:\/\/i0.wp.com\/orecc.fr\/forez\/wp-content\/uploads\/sites\/9\/2019\/03\/cropped-cropped-ORECC-ROANNE10-1-2.png?fit=700%2C467&amp;ssl=1\" width=\"700\" height=\"467\" src=\"https:\/\/i0.wp.com\/orecc.fr\/forez\/wp-content\/uploads\/sites\/9\/2019\/03\/cropped-cropped-ORECC-ROANNE10-1-2.png?fit=700%2C467&amp;ssl=1\" class=\"attachment-large size-large wp-image-2154\" alt=\"Cabinet d&#039;expert comptable Montbrison \/ Forez \/ ORECC\" srcset=\"https:\/\/i0.wp.com\/orecc.fr\/forez\/wp-content\/uploads\/sites\/9\/2019\/03\/cropped-cropped-ORECC-ROANNE10-1-2.png?w=1500&amp;ssl=1 1500w, https:\/\/i0.wp.com\/orecc.fr\/forez\/wp-content\/uploads\/sites\/9\/2019\/03\/cropped-cropped-ORECC-ROANNE10-1-2.png?resize=300%2C200&amp;ssl=1 300w, https:\/\/i0.wp.com\/orecc.fr\/forez\/wp-content\/uploads\/sites\/9\/2019\/03\/cropped-cropped-ORECC-ROANNE10-1-2.png?resize=700%2C467&amp;ssl=1 700w, https:\/\/i0.wp.com\/orecc.fr\/forez\/wp-content\/uploads\/sites\/9\/2019\/03\/cropped-cropped-ORECC-ROANNE10-1-2.png?resize=768%2C512&amp;ssl=1 768w, https:\/\/i0.wp.com\/orecc.fr\/forez\/wp-content\/uploads\/sites\/9\/2019\/03\/cropped-cropped-ORECC-ROANNE10-1-2.png?resize=1024%2C683&amp;ssl=1 1024w\" sizes=\"(max-width: 700px) 100vw, 700px\" data-attachment-id=\"2154\" data-permalink=\"https:\/\/orecc.fr\/forez\/cropped-cropped-orecc-roanne10-1-2-png\/\" data-orig-file=\"https:\/\/i0.wp.com\/orecc.fr\/forez\/wp-content\/uploads\/sites\/9\/2019\/03\/cropped-cropped-ORECC-ROANNE10-1-2.png?fit=1500%2C1000&amp;ssl=1\" data-orig-size=\"1500,1000\" data-comments-opened=\"0\" data-image-meta=\"{&quot;aperture&quot;:&quot;0&quot;,&quot;credit&quot;:&quot;&quot;,&quot;camera&quot;:&quot;&quot;,&quot;caption&quot;:&quot;&quot;,&quot;created_timestamp&quot;:&quot;0&quot;,&quot;copyright&quot;:&quot;&quot;,&quot;focal_length&quot;:&quot;0&quot;,&quot;iso&quot;:&quot;0&quot;,&quot;shutter_speed&quot;:&quot;0&quot;,&quot;title&quot;:&quot;&quot;,&quot;orientation&quot;:&quot;0&quot;}\" data-image-title=\"Expert comptable Montbrison \/ Savigneux &#8211; ORECC Forez\" data-image-description=\"\" data-image-caption=\"&lt;p&gt;Bureau cabinet expert comptable et gestion ORECC Forez \u00e0 Montbrison Savigneux&lt;\/p&gt;\n\" data-medium-file=\"https:\/\/i0.wp.com\/orecc.fr\/forez\/wp-content\/uploads\/sites\/9\/2019\/03\/cropped-cropped-ORECC-ROANNE10-1-2.png?fit=300%2C200&amp;ssl=1\" data-large-file=\"https:\/\/i0.wp.com\/orecc.fr\/forez\/wp-content\/uploads\/sites\/9\/2019\/03\/cropped-cropped-ORECC-ROANNE10-1-2.png?fit=700%2C467&amp;ssl=1\" \/>\t\t\t\t\t\t\t\t\t\t\t\t\t<\/div>\n\t\t\t\t<\/div>\n\t\t\t\t<section class=\"elementor-section elementor-inner-section elementor-element elementor-element-7e128a3a elementor-section-boxed elementor-section-height-default elementor-section-height-default\" data-id=\"7e128a3a\" data-element_type=\"section\" data-settings=\"{&quot;background_background&quot;:&quot;classic&quot;}\">\n\t\t\t\t\t\t<div class=\"elementor-container elementor-column-gap-no\">\n\t\t\t\t\t<div class=\"elementor-column elementor-col-100 elementor-inner-column elementor-element elementor-element-5898c4e7\" data-id=\"5898c4e7\" data-element_type=\"column\" data-settings=\"{&quot;background_background&quot;:&quot;classic&quot;}\">\n\t\t\t<div class=\"elementor-widget-wrap elementor-element-populated\">\n\t\t\t\t\t\t<div class=\"elementor-element elementor-element-7d0f54f1 elementor-invisible elementor-widget elementor-widget-heading\" data-id=\"7d0f54f1\" data-element_type=\"widget\" data-settings=\"{&quot;_animation&quot;:&quot;fadeIn&quot;,&quot;_animation_delay&quot;:200}\" data-widget_type=\"heading.default\">\n\t\t\t\t<div class=\"elementor-widget-container\">\n\t\t\t<h2 class=\"elementor-heading-title elementor-size-default\">Vous accompagner en toute confiance<\/h2>\t\t<\/div>\n\t\t\t\t<\/div>\n\t\t\t\t<div class=\"elementor-element elementor-element-37786e98 elementor-invisible elementor-widget elementor-widget-text-editor\" data-id=\"37786e98\" data-element_type=\"widget\" data-settings=\"{&quot;_animation&quot;:&quot;fadeIn&quot;,&quot;_animation_delay&quot;:400}\" data-widget_type=\"text-editor.default\">\n\t\t\t\t<div class=\"elementor-widget-container\">\n\t\t\t\t\t\t\t<p>Que vous soyez en passe de franchir le pas en devenant entrepreneur ou que vous souhaitiez am\u00e9liorer l&rsquo;efficacit\u00e9 de votre entreprise, nous vous accordons votre confiance afin de g\u00e9rer sereinement les diff\u00e9rentes \u00e9preuves qui existent au sein d&rsquo;une entreprise quelque soit son stade d&rsquo;avancement.<\/p>\t\t\t\t\t\t<\/div>\n\t\t\t\t<\/div>\n\t\t\t\t<div class=\"elementor-element elementor-element-6bee291 elementor-mobile-align-center elementor-align-center e-transform e-transform elementor-widget elementor-widget-button\" data-id=\"6bee291\" data-element_type=\"widget\" data-settings=\"{&quot;_transform_scale_effect_hover&quot;:{&quot;unit&quot;:&quot;px&quot;,&quot;size&quot;:0.9,&quot;sizes&quot;:[]},&quot;_transform_scaleX_effect&quot;:{&quot;unit&quot;:&quot;px&quot;,&quot;size&quot;:&quot;&quot;,&quot;sizes&quot;:[]},&quot;_transform_scaleX_effect_tablet&quot;:{&quot;unit&quot;:&quot;px&quot;,&quot;size&quot;:&quot;&quot;,&quot;sizes&quot;:[]},&quot;_transform_scaleX_effect_mobile&quot;:{&quot;unit&quot;:&quot;px&quot;,&quot;size&quot;:&quot;&quot;,&quot;sizes&quot;:[]},&quot;_transform_scaleY_effect&quot;:{&quot;unit&quot;:&quot;px&quot;,&quot;size&quot;:&quot;&quot;,&quot;sizes&quot;:[]},&quot;_transform_scaleY_effect_tablet&quot;:{&quot;unit&quot;:&quot;px&quot;,&quot;size&quot;:&quot;&quot;,&quot;sizes&quot;:[]},&quot;_transform_scaleY_effect_mobile&quot;:{&quot;unit&quot;:&quot;px&quot;,&quot;size&quot;:&quot;&quot;,&quot;sizes&quot;:[]},&quot;_transform_scale_effect_hover_tablet&quot;:{&quot;unit&quot;:&quot;px&quot;,&quot;size&quot;:&quot;&quot;,&quot;sizes&quot;:[]},&quot;_transform_scale_effect_hover_mobile&quot;:{&quot;unit&quot;:&quot;px&quot;,&quot;size&quot;:&quot;&quot;,&quot;sizes&quot;:[]}}\" data-widget_type=\"button.default\">\n\t\t\t\t<div class=\"elementor-widget-container\">\n\t\t\t\t\t<div class=\"elementor-button-wrapper\">\n\t\t\t<a class=\"elementor-button elementor-button-link elementor-size-sm\" href=\"https:\/\/orecc.fr\/forez\/cabinet-du-forez\/\">\n\t\t\t\t\t\t<span class=\"elementor-button-content-wrapper\">\n\t\t\t\t\t\t\t\t\t<span class=\"elementor-button-text\">En savoir plus<\/span>\n\t\t\t\t\t<\/span>\n\t\t\t\t\t<\/a>\n\t\t<\/div>\n\t\t\t\t<\/div>\n\t\t\t\t<\/div>\n\t\t\t\t\t<\/div>\n\t\t<\/div>\n\t\t\t\t\t<\/div>\n\t\t<\/section>\n\t\t\t\t\t<\/div>\n\t\t<\/div>\n\t\t\t\t\t<\/div>\n\t\t<\/section>\n\t\t\t\t<section class=\"elementor-section elementor-top-section elementor-element elementor-element-5228229 elementor-section-content-middle elementor-section-boxed elementor-section-height-default elementor-section-height-default\" data-id=\"5228229\" data-element_type=\"section\" data-settings=\"{&quot;background_background&quot;:&quot;classic&quot;,&quot;shape_divider_top&quot;:&quot;curve-asymmetrical&quot;,&quot;shape_divider_top_negative&quot;:&quot;yes&quot;,&quot;shape_divider_bottom&quot;:&quot;curve-asymmetrical&quot;,&quot;shape_divider_bottom_negative&quot;:&quot;yes&quot;}\">\n\t\t\t\t\t<div class=\"elementor-shape elementor-shape-top\" data-negative=\"true\">\n\t\t\t<svg xmlns=\"http:\/\/www.w3.org\/2000\/svg\" viewBox=\"0 0 1000 100\" preserveAspectRatio=\"none\">\n\t<path class=\"elementor-shape-fill\" d=\"M615.2,96.7C240.2,97.8,0,18.9,0,0v100h1000V0C1000,19.2,989.8,96,615.2,96.7z\"\/>\n<\/svg>\t\t<\/div>\n\t\t\t\t<div class=\"elementor-shape elementor-shape-bottom\" data-negative=\"true\">\n\t\t\t<svg xmlns=\"http:\/\/www.w3.org\/2000\/svg\" viewBox=\"0 0 1000 100\" preserveAspectRatio=\"none\">\n\t<path class=\"elementor-shape-fill\" d=\"M615.2,96.7C240.2,97.8,0,18.9,0,0v100h1000V0C1000,19.2,989.8,96,615.2,96.7z\"\/>\n<\/svg>\t\t<\/div>\n\t\t\t\t\t<div class=\"elementor-container elementor-column-gap-no\">\n\t\t\t\t\t<div class=\"elementor-column elementor-col-50 elementor-top-column elementor-element elementor-element-27916dd4\" data-id=\"27916dd4\" data-element_type=\"column\">\n\t\t\t<div class=\"elementor-widget-wrap elementor-element-populated\">\n\t\t\t\t\t\t<div class=\"elementor-element elementor-element-6b5e5b0d elementor-widget elementor-widget-heading\" data-id=\"6b5e5b0d\" data-element_type=\"widget\" data-widget_type=\"heading.default\">\n\t\t\t\t<div class=\"elementor-widget-container\">\n\t\t\t<h4 class=\"elementor-heading-title elementor-size-default\">Les partenaires ORECC<\/h4>\t\t<\/div>\n\t\t\t\t<\/div>\n\t\t\t\t<div class=\"elementor-element elementor-element-7f4eda7 elementor-widget elementor-widget-heading\" data-id=\"7f4eda7\" data-element_type=\"widget\" data-widget_type=\"heading.default\">\n\t\t\t\t<div class=\"elementor-widget-container\">\n\t\t\t<h5 class=\"elementor-heading-title elementor-size-default\">Gr\u00e2ce \u00e0 eux, nous vous offrons un service de qualit\u00e9<\/h5>\t\t<\/div>\n\t\t\t\t<\/div>\n\t\t\t\t\t<\/div>\n\t\t<\/div>\n\t\t\t\t<div class=\"elementor-column elementor-col-50 elementor-top-column elementor-element elementor-element-1ff77306\" data-id=\"1ff77306\" data-element_type=\"column\">\n\t\t\t<div class=\"elementor-widget-wrap elementor-element-populated\">\n\t\t\t\t\t\t<div class=\"elementor-element elementor-element-1a77c2ac elementor-pagination-position-inside elementor-skin-carousel elementor-pagination-type-bullets elementor-widget elementor-widget-media-carousel\" data-id=\"1a77c2ac\" data-element_type=\"widget\" data-settings=\"{&quot;slides_per_view&quot;:&quot;3&quot;,&quot;space_between&quot;:{&quot;unit&quot;:&quot;px&quot;,&quot;size&quot;:0,&quot;sizes&quot;:[]},&quot;skin&quot;:&quot;carousel&quot;,&quot;effect&quot;:&quot;slide&quot;,&quot;pagination&quot;:&quot;bullets&quot;,&quot;speed&quot;:500,&quot;autoplay&quot;:&quot;yes&quot;,&quot;autoplay_speed&quot;:5000,&quot;loop&quot;:&quot;yes&quot;,&quot;pause_on_hover&quot;:&quot;yes&quot;,&quot;pause_on_interaction&quot;:&quot;yes&quot;,&quot;space_between_tablet&quot;:{&quot;unit&quot;:&quot;px&quot;,&quot;size&quot;:10,&quot;sizes&quot;:[]},&quot;space_between_mobile&quot;:{&quot;unit&quot;:&quot;px&quot;,&quot;size&quot;:10,&quot;sizes&quot;:[]}}\" data-widget_type=\"media-carousel.default\">\n\t\t\t\t<div class=\"elementor-widget-container\">\n\t\t\t\t\t<div class=\"elementor-swiper\">\n\t\t\t<div class=\"elementor-main-swiper swiper\">\n\t\t\t\t<div class=\"swiper-wrapper\">\n\t\t\t\t\t\t\t\t\t\t\t<div class=\"swiper-slide\">\n\t\t\t\t\t\t\t\t\t<div class=\"elementor-carousel-image\" role=\"img\" aria-label=\"Quadratus\" style=\"background-image: url(&#039;https:\/\/i0.wp.com\/orecc.fr\/forez\/wp-content\/uploads\/sites\/9\/2019\/02\/Quadratus.png?fit=314%2C202&amp;ssl=1&#039;)\">\n\n\t\t\t\n\t\t\t\t\t<\/div>\n\t\t\t\t\t\t\t\t<\/div>\n\t\t\t\t\t\t\t\t\t\t\t<div class=\"swiper-slide\">\n\t\t\t\t\t\t\t\t\t<div class=\"elementor-carousel-image\" role=\"img\" aria-label=\"cropped-OEC_Logos_Ordre_vectorise.png\" style=\"background-image: url(&#039;https:\/\/i0.wp.com\/orecc.fr\/forez\/wp-content\/uploads\/sites\/9\/2019\/02\/cropped-OEC_Logos_Ordre_vectorise.png?fit=442%2C209&amp;ssl=1&#039;)\">\n\n\t\t\t\n\t\t\t\t\t<\/div>\n\t\t\t\t\t\t\t\t<\/div>\n\t\t\t\t\t\t\t\t\t\t\t<div class=\"swiper-slide\">\n\t\t\t\t\t\t\t\t\t<div class=\"elementor-carousel-image\" role=\"img\" aria-label=\"cropped-PC-1.jpg\" style=\"background-image: url(&#039;https:\/\/i0.wp.com\/orecc.fr\/forez\/wp-content\/uploads\/sites\/9\/2019\/02\/cropped-PC-1.jpg?fit=632%2C441&amp;ssl=1&#039;)\">\n\n\t\t\t\n\t\t\t\t\t<\/div>\n\t\t\t\t\t\t\t\t<\/div>\n\t\t\t\t\t\t\t\t\t\t\t<div class=\"swiper-slide\">\n\t\t\t\t\t\t\t\t\t<div class=\"elementor-carousel-image\" role=\"img\" aria-label=\"Logo Experiens HD Square\" style=\"background-image: url(&#039;https:\/\/i0.wp.com\/orecc.fr\/forez\/wp-content\/uploads\/sites\/9\/2023\/01\/Logo-Experiens-HD-Square.png?fit=1240%2C1104&amp;ssl=1&#039;)\">\n\n\t\t\t\n\t\t\t\t\t<\/div>\n\t\t\t\t\t\t\t\t<\/div>\n\t\t\t\t\t\t\t\t\t<\/div>\n\t\t\t\t\t\t\t\t\t\t\t\t\t\t\t<div class=\"swiper-pagination\"><\/div>\n\t\t\t\t\t\t\t\t\t\t\t\t\t\t\t\t\t<\/div>\n\t\t<\/div>\n\t\t\t\t<\/div>\n\t\t\t\t<\/div>\n\t\t\t\t\t<\/div>\n\t\t<\/div>\n\t\t\t\t\t<\/div>\n\t\t<\/section>\n\t\t<div class=\"elementor-element elementor-element-9d93a2c e-flex e-con-boxed e-con e-parent\" data-id=\"9d93a2c\" data-element_type=\"container\">\n\t\t\t\t\t<div class=\"e-con-inner\">\n\t\t\t\t<div class=\"elementor-element elementor-element-16735fd elementor-widget elementor-widget-heading\" data-id=\"16735fd\" data-element_type=\"widget\" data-widget_type=\"heading.default\">\n\t\t\t\t<div class=\"elementor-widget-container\">\n\t\t\t<h2 class=\"elementor-heading-title elementor-size-default\">ORECC vous tient inform\u00e9 des derni\u00e8res actualit\u00e9s en mati\u00e8res de comptabilit\u00e9 et de gestion :<\/h2>\t\t<\/div>\n\t\t\t\t<\/div>\n\t\t\t\t<div class=\"elementor-element elementor-element-d961c33 elementor-grid-3 elementor-grid-tablet-2 elementor-grid-mobile-1 elementor-posts--thumbnail-top elementor-widget elementor-widget-posts\" data-id=\"d961c33\" data-element_type=\"widget\" data-settings=\"{&quot;classic_columns&quot;:&quot;3&quot;,&quot;classic_columns_tablet&quot;:&quot;2&quot;,&quot;classic_columns_mobile&quot;:&quot;1&quot;,&quot;classic_row_gap&quot;:{&quot;unit&quot;:&quot;px&quot;,&quot;size&quot;:35,&quot;sizes&quot;:[]},&quot;classic_row_gap_tablet&quot;:{&quot;unit&quot;:&quot;px&quot;,&quot;size&quot;:&quot;&quot;,&quot;sizes&quot;:[]},&quot;classic_row_gap_mobile&quot;:{&quot;unit&quot;:&quot;px&quot;,&quot;size&quot;:&quot;&quot;,&quot;sizes&quot;:[]}}\" data-widget_type=\"posts.classic\">\n\t\t\t\t<div class=\"elementor-widget-container\">\n\t\t\t\t\t<div class=\"elementor-posts-container elementor-posts elementor-posts--skin-classic elementor-grid\">\n\t\t\t\t<article class=\"elementor-post elementor-grid-item post-2963 post type-post status-publish format-standard has-post-thumbnail hentry category-blog tag-essai tag-professionnel\">\n\t\t\t\t<a class=\"elementor-post__thumbnail__link\" href=\"https:\/\/orecc.fr\/forez\/comment-recourir-a-lessai-professionnel-en-toute-securite\/\" tabindex=\"-1\" >\n\t\t\t<div class=\"elementor-post__thumbnail\"><img loading=\"lazy\" decoding=\"async\" data-attachment-id=\"2327\" data-permalink=\"https:\/\/orecc.fr\/forez\/expert-comptable-montbrison-savigneux\/handshake\/\" data-orig-file=\"https:\/\/i0.wp.com\/orecc.fr\/forez\/wp-content\/uploads\/sites\/9\/2023\/01\/Handshake.png?fit=1000%2C453&amp;ssl=1\" data-orig-size=\"1000,453\" data-comments-opened=\"0\" data-image-meta=\"{&quot;aperture&quot;:&quot;0&quot;,&quot;credit&quot;:&quot;&quot;,&quot;camera&quot;:&quot;&quot;,&quot;caption&quot;:&quot;&quot;,&quot;created_timestamp&quot;:&quot;0&quot;,&quot;copyright&quot;:&quot;&quot;,&quot;focal_length&quot;:&quot;0&quot;,&quot;iso&quot;:&quot;0&quot;,&quot;shutter_speed&quot;:&quot;0&quot;,&quot;title&quot;:&quot;&quot;,&quot;orientation&quot;:&quot;0&quot;}\" data-image-title=\"Expert comptable Montbrison Savigneux Orecc Forez contrat gestion\" data-image-description=\"&lt;p&gt;Notre expertise, votre int\u00e9r\u00eat.&lt;br \/&gt;\nORECC Forez vous accompagne dans la r\u00e9ussite de vos projet en g\u00e9rant votre comptabilit\u00e9 sur mesure&lt;\/p&gt;\n\" data-image-caption=\"&lt;p&gt;Cabinet de comptabilit\u00e9 expert comptable et gestion \u00e0 Montbrison ORECC Forez Savigneux&lt;\/p&gt;\n\" data-medium-file=\"https:\/\/i0.wp.com\/orecc.fr\/forez\/wp-content\/uploads\/sites\/9\/2023\/01\/Handshake.png?fit=300%2C136&amp;ssl=1\" data-large-file=\"https:\/\/i0.wp.com\/orecc.fr\/forez\/wp-content\/uploads\/sites\/9\/2023\/01\/Handshake.png?fit=700%2C317&amp;ssl=1\" width=\"300\" height=\"136\" src=\"https:\/\/i0.wp.com\/orecc.fr\/forez\/wp-content\/uploads\/sites\/9\/2023\/01\/Handshake.png?fit=300%2C136&amp;ssl=1\" class=\"attachment-medium size-medium wp-image-2327\" alt=\"\" data-attachment-id=\"2327\" data-permalink=\"https:\/\/orecc.fr\/forez\/expert-comptable-montbrison-savigneux\/handshake\/\" data-orig-file=\"https:\/\/i0.wp.com\/orecc.fr\/forez\/wp-content\/uploads\/sites\/9\/2023\/01\/Handshake.png?fit=1000%2C453&amp;ssl=1\" data-orig-size=\"1000,453\" data-comments-opened=\"0\" data-image-meta=\"{&quot;aperture&quot;:&quot;0&quot;,&quot;credit&quot;:&quot;&quot;,&quot;camera&quot;:&quot;&quot;,&quot;caption&quot;:&quot;&quot;,&quot;created_timestamp&quot;:&quot;0&quot;,&quot;copyright&quot;:&quot;&quot;,&quot;focal_length&quot;:&quot;0&quot;,&quot;iso&quot;:&quot;0&quot;,&quot;shutter_speed&quot;:&quot;0&quot;,&quot;title&quot;:&quot;&quot;,&quot;orientation&quot;:&quot;0&quot;}\" data-image-title=\"Expert comptable Montbrison Savigneux Orecc Forez contrat gestion\" data-image-description=\"&lt;p&gt;Notre expertise, votre int\u00e9r\u00eat.&lt;br \/&gt;\nORECC Forez vous accompagne dans la r\u00e9ussite de vos projet en g\u00e9rant votre comptabilit\u00e9 sur mesure&lt;\/p&gt;\n\" data-image-caption=\"&lt;p&gt;Cabinet de comptabilit\u00e9 expert comptable et gestion \u00e0 Montbrison ORECC Forez Savigneux&lt;\/p&gt;\n\" data-medium-file=\"https:\/\/i0.wp.com\/orecc.fr\/forez\/wp-content\/uploads\/sites\/9\/2023\/01\/Handshake.png?fit=300%2C136&amp;ssl=1\" data-large-file=\"https:\/\/i0.wp.com\/orecc.fr\/forez\/wp-content\/uploads\/sites\/9\/2023\/01\/Handshake.png?fit=700%2C317&amp;ssl=1\" srcset=\"https:\/\/i0.wp.com\/orecc.fr\/forez\/wp-content\/uploads\/sites\/9\/2023\/01\/Handshake.png?w=1000&amp;ssl=1 1000w, https:\/\/i0.wp.com\/orecc.fr\/forez\/wp-content\/uploads\/sites\/9\/2023\/01\/Handshake.png?resize=300%2C136&amp;ssl=1 300w, https:\/\/i0.wp.com\/orecc.fr\/forez\/wp-content\/uploads\/sites\/9\/2023\/01\/Handshake.png?resize=700%2C317&amp;ssl=1 700w, https:\/\/i0.wp.com\/orecc.fr\/forez\/wp-content\/uploads\/sites\/9\/2023\/01\/Handshake.png?resize=768%2C348&amp;ssl=1 768w\" sizes=\"(max-width: 300px) 100vw, 300px\" \/><\/div>\n\t\t<\/a>\n\t\t\t\t<div class=\"elementor-post__text\">\n\t\t\t\t<h3 class=\"elementor-post__title\">\n\t\t\t<a href=\"https:\/\/orecc.fr\/forez\/comment-recourir-a-lessai-professionnel-en-toute-securite\/\" >\n\t\t\t\tComment recourir \u00e0 l\u2019essai professionnel en toute s\u00e9curit\u00e9 ?\t\t\t<\/a>\n\t\t<\/h3>\n\t\t\t\t<div class=\"elementor-post__meta-data\">\n\t\t\t\t\t<span class=\"elementor-post-date\">\n\t\t\t27 janvier 2025\t\t<\/span>\n\t\t\t\t<span class=\"elementor-post-avatar\">\n\t\t\tAucun commentaire\t\t<\/span>\n\t\t\t\t<\/div>\n\t\t\t\t<div class=\"elementor-post__excerpt\">\n\t\t\t<p>Qu\u2019est-ce-que l\u2019essai professionnel\u00a0? OBJECTIF L\u2019essai professionnel ne doit pas \u00eatre confondu avec la p\u00e9riode d\u2019essai qui elle, prend effet \u00e0 la conclusion du contrat de<\/p>\n\t\t<\/div>\n\t\t\t\t\t<div class=\"elementor-post__read-more-wrapper\">\n\t\t\n\t\t<a class=\"elementor-post__read-more\" href=\"https:\/\/orecc.fr\/forez\/comment-recourir-a-lessai-professionnel-en-toute-securite\/\" aria-label=\"En savoir plus sur Comment recourir \u00e0 l\u2019essai professionnel en toute s\u00e9curit\u00e9 ?\" tabindex=\"-1\" >\n\t\t\tLire la suite \u00bb\t\t<\/a>\n\n\t\t\t\t\t<\/div>\n\t\t\t\t<\/div>\n\t\t\t\t<\/article>\n\t\t\t\t<article class=\"elementor-post elementor-grid-item post-2959 post type-post status-publish format-standard has-post-thumbnail hentry category-blog tag-exoneration tag-ruralite\">\n\t\t\t\t<a class=\"elementor-post__thumbnail__link\" href=\"https:\/\/orecc.fr\/forez\/zone-france-ruralite-revitalisation-zfrr-comment-beneficier-des-exonerations-dimpots\/\" tabindex=\"-1\" >\n\t\t\t<div class=\"elementor-post__thumbnail\"><img loading=\"lazy\" decoding=\"async\" data-attachment-id=\"1548\" data-permalink=\"https:\/\/orecc.fr\/forez\/cropped-burst-kuqqarjjuw0-unsplash-scaled-1-jpg\/\" data-orig-file=\"https:\/\/i0.wp.com\/orecc.fr\/forez\/wp-content\/uploads\/sites\/9\/2020\/04\/cropped-burst-kUqqaRjJuw0-unsplash-scaled-1.jpg?fit=2560%2C1700&amp;ssl=1\" data-orig-size=\"2560,1700\" data-comments-opened=\"1\" data-image-meta=\"{&quot;aperture&quot;:&quot;0&quot;,&quot;credit&quot;:&quot;&quot;,&quot;camera&quot;:&quot;&quot;,&quot;caption&quot;:&quot;&quot;,&quot;created_timestamp&quot;:&quot;0&quot;,&quot;copyright&quot;:&quot;&quot;,&quot;focal_length&quot;:&quot;0&quot;,&quot;iso&quot;:&quot;0&quot;,&quot;shutter_speed&quot;:&quot;0&quot;,&quot;title&quot;:&quot;&quot;,&quot;orientation&quot;:&quot;0&quot;}\" data-image-title=\"cropped-burst-kUqqaRjJuw0-unsplash-scaled-1.jpg\" data-image-description=\"&lt;p&gt;https:\/\/orecc.fr\/forez\/wp-content\/uploads\/sites\/9\/2020\/04\/cropped-burst-kUqqaRjJuw0-unsplash-scaled-1.jpg&lt;\/p&gt;\n\" data-image-caption=\"\" data-medium-file=\"https:\/\/i0.wp.com\/orecc.fr\/forez\/wp-content\/uploads\/sites\/9\/2020\/04\/cropped-burst-kUqqaRjJuw0-unsplash-scaled-1.jpg?fit=300%2C199&amp;ssl=1\" data-large-file=\"https:\/\/i0.wp.com\/orecc.fr\/forez\/wp-content\/uploads\/sites\/9\/2020\/04\/cropped-burst-kUqqaRjJuw0-unsplash-scaled-1.jpg?fit=700%2C465&amp;ssl=1\" width=\"300\" height=\"199\" src=\"https:\/\/i0.wp.com\/orecc.fr\/forez\/wp-content\/uploads\/sites\/9\/2020\/04\/cropped-burst-kUqqaRjJuw0-unsplash-scaled-1.jpg?fit=300%2C199&amp;ssl=1\" class=\"attachment-medium size-medium wp-image-1548\" alt=\"\" data-attachment-id=\"1548\" data-permalink=\"https:\/\/orecc.fr\/forez\/cropped-burst-kuqqarjjuw0-unsplash-scaled-1-jpg\/\" data-orig-file=\"https:\/\/i0.wp.com\/orecc.fr\/forez\/wp-content\/uploads\/sites\/9\/2020\/04\/cropped-burst-kUqqaRjJuw0-unsplash-scaled-1.jpg?fit=2560%2C1700&amp;ssl=1\" data-orig-size=\"2560,1700\" data-comments-opened=\"1\" data-image-meta=\"{&quot;aperture&quot;:&quot;0&quot;,&quot;credit&quot;:&quot;&quot;,&quot;camera&quot;:&quot;&quot;,&quot;caption&quot;:&quot;&quot;,&quot;created_timestamp&quot;:&quot;0&quot;,&quot;copyright&quot;:&quot;&quot;,&quot;focal_length&quot;:&quot;0&quot;,&quot;iso&quot;:&quot;0&quot;,&quot;shutter_speed&quot;:&quot;0&quot;,&quot;title&quot;:&quot;&quot;,&quot;orientation&quot;:&quot;0&quot;}\" data-image-title=\"cropped-burst-kUqqaRjJuw0-unsplash-scaled-1.jpg\" data-image-description=\"&lt;p&gt;https:\/\/orecc.fr\/forez\/wp-content\/uploads\/sites\/9\/2020\/04\/cropped-burst-kUqqaRjJuw0-unsplash-scaled-1.jpg&lt;\/p&gt;\n\" data-image-caption=\"\" data-medium-file=\"https:\/\/i0.wp.com\/orecc.fr\/forez\/wp-content\/uploads\/sites\/9\/2020\/04\/cropped-burst-kUqqaRjJuw0-unsplash-scaled-1.jpg?fit=300%2C199&amp;ssl=1\" data-large-file=\"https:\/\/i0.wp.com\/orecc.fr\/forez\/wp-content\/uploads\/sites\/9\/2020\/04\/cropped-burst-kUqqaRjJuw0-unsplash-scaled-1.jpg?fit=700%2C465&amp;ssl=1\" srcset=\"https:\/\/i0.wp.com\/orecc.fr\/forez\/wp-content\/uploads\/sites\/9\/2020\/04\/cropped-burst-kUqqaRjJuw0-unsplash-scaled-1.jpg?w=2560&amp;ssl=1 2560w, https:\/\/i0.wp.com\/orecc.fr\/forez\/wp-content\/uploads\/sites\/9\/2020\/04\/cropped-burst-kUqqaRjJuw0-unsplash-scaled-1.jpg?resize=300%2C199&amp;ssl=1 300w, https:\/\/i0.wp.com\/orecc.fr\/forez\/wp-content\/uploads\/sites\/9\/2020\/04\/cropped-burst-kUqqaRjJuw0-unsplash-scaled-1.jpg?resize=700%2C465&amp;ssl=1 700w, https:\/\/i0.wp.com\/orecc.fr\/forez\/wp-content\/uploads\/sites\/9\/2020\/04\/cropped-burst-kUqqaRjJuw0-unsplash-scaled-1.jpg?resize=768%2C510&amp;ssl=1 768w, https:\/\/i0.wp.com\/orecc.fr\/forez\/wp-content\/uploads\/sites\/9\/2020\/04\/cropped-burst-kUqqaRjJuw0-unsplash-scaled-1.jpg?resize=1536%2C1020&amp;ssl=1 1536w, https:\/\/i0.wp.com\/orecc.fr\/forez\/wp-content\/uploads\/sites\/9\/2020\/04\/cropped-burst-kUqqaRjJuw0-unsplash-scaled-1.jpg?resize=2048%2C1360&amp;ssl=1 2048w, https:\/\/i0.wp.com\/orecc.fr\/forez\/wp-content\/uploads\/sites\/9\/2020\/04\/cropped-burst-kUqqaRjJuw0-unsplash-scaled-1.jpg?resize=1024%2C680&amp;ssl=1 1024w, https:\/\/i0.wp.com\/orecc.fr\/forez\/wp-content\/uploads\/sites\/9\/2020\/04\/cropped-burst-kUqqaRjJuw0-unsplash-scaled-1.jpg?resize=1626%2C1080&amp;ssl=1 1626w, https:\/\/i0.wp.com\/orecc.fr\/forez\/wp-content\/uploads\/sites\/9\/2020\/04\/cropped-burst-kUqqaRjJuw0-unsplash-scaled-1.jpg?w=2400&amp;ssl=1 2400w\" sizes=\"(max-width: 300px) 100vw, 300px\" \/><\/div>\n\t\t<\/a>\n\t\t\t\t<div class=\"elementor-post__text\">\n\t\t\t\t<h3 class=\"elementor-post__title\">\n\t\t\t<a href=\"https:\/\/orecc.fr\/forez\/zone-france-ruralite-revitalisation-zfrr-comment-beneficier-des-exonerations-dimpots\/\" >\n\t\t\t\tZone France ruralit\u00e9 revitalisation (ZFRR)\u00a0: comment b\u00e9n\u00e9ficier des exon\u00e9rations d\u2019imp\u00f4ts\u00a0?\t\t\t<\/a>\n\t\t<\/h3>\n\t\t\t\t<div class=\"elementor-post__meta-data\">\n\t\t\t\t\t<span class=\"elementor-post-date\">\n\t\t\t20 novembre 2024\t\t<\/span>\n\t\t\t\t<span class=\"elementor-post-avatar\">\n\t\t\tAucun commentaire\t\t<\/span>\n\t\t\t\t<\/div>\n\t\t\t\t<div class=\"elementor-post__excerpt\">\n\t\t\t<p>Depuis le 1er juillet 2024, un nouveau dispositif d\u00e9nomm\u00e9 \u00ab\u00a0zone France ruralit\u00e9s revitalisation\u00a0\u00bb (ZFRR) est cr\u00e9\u00e9. Il se compose d\u2019une part du dispositif ZFRR et<\/p>\n\t\t<\/div>\n\t\t\t\t\t<div class=\"elementor-post__read-more-wrapper\">\n\t\t\n\t\t<a class=\"elementor-post__read-more\" href=\"https:\/\/orecc.fr\/forez\/zone-france-ruralite-revitalisation-zfrr-comment-beneficier-des-exonerations-dimpots\/\" aria-label=\"En savoir plus sur Zone France ruralit\u00e9 revitalisation (ZFRR)\u00a0: comment b\u00e9n\u00e9ficier des exon\u00e9rations d\u2019imp\u00f4ts\u00a0?\" tabindex=\"-1\" >\n\t\t\tLire la suite \u00bb\t\t<\/a>\n\n\t\t\t\t\t<\/div>\n\t\t\t\t<\/div>\n\t\t\t\t<\/article>\n\t\t\t\t<article class=\"elementor-post elementor-grid-item post-2941 post type-post status-publish format-standard has-post-thumbnail hentry category-blog tag-economique tag-employeur tag-taxes tag-tvs\">\n\t\t\t\t<a class=\"elementor-post__thumbnail__link\" href=\"https:\/\/orecc.fr\/forez\/taxes-sur-laffectation-des-vehicules-a-des-fins-economiques-ex-tvs\/\" tabindex=\"-1\" >\n\t\t\t<div class=\"elementor-post__thumbnail\"><img loading=\"lazy\" decoding=\"async\" data-attachment-id=\"2945\" data-permalink=\"https:\/\/orecc.fr\/forez\/taxes-sur-laffectation-des-vehicules-a-des-fins-economiques-ex-tvs\/closed-holiday-instagram-post-2\/\" data-orig-file=\"https:\/\/i0.wp.com\/orecc.fr\/forez\/wp-content\/uploads\/sites\/9\/2024\/07\/Closed-Holiday-Instagram-Post.png?fit=1080%2C1080&amp;ssl=1\" data-orig-size=\"1080,1080\" data-comments-opened=\"0\" data-image-meta=\"{&quot;aperture&quot;:&quot;0&quot;,&quot;credit&quot;:&quot;&quot;,&quot;camera&quot;:&quot;&quot;,&quot;caption&quot;:&quot;&quot;,&quot;created_timestamp&quot;:&quot;0&quot;,&quot;copyright&quot;:&quot;&quot;,&quot;focal_length&quot;:&quot;0&quot;,&quot;iso&quot;:&quot;0&quot;,&quot;shutter_speed&quot;:&quot;0&quot;,&quot;title&quot;:&quot;&quot;,&quot;orientation&quot;:&quot;0&quot;}\" data-image-title=\"Closed Holiday Instagram Post\" data-image-description=\"\" data-image-caption=\"\" data-medium-file=\"https:\/\/i0.wp.com\/orecc.fr\/forez\/wp-content\/uploads\/sites\/9\/2024\/07\/Closed-Holiday-Instagram-Post.png?fit=300%2C300&amp;ssl=1\" data-large-file=\"https:\/\/i0.wp.com\/orecc.fr\/forez\/wp-content\/uploads\/sites\/9\/2024\/07\/Closed-Holiday-Instagram-Post.png?fit=700%2C700&amp;ssl=1\" width=\"300\" height=\"300\" src=\"https:\/\/i0.wp.com\/orecc.fr\/forez\/wp-content\/uploads\/sites\/9\/2024\/07\/Closed-Holiday-Instagram-Post.png?fit=300%2C300&amp;ssl=1\" class=\"attachment-medium size-medium wp-image-2945\" alt=\"\" data-attachment-id=\"2945\" data-permalink=\"https:\/\/orecc.fr\/forez\/taxes-sur-laffectation-des-vehicules-a-des-fins-economiques-ex-tvs\/closed-holiday-instagram-post-2\/\" data-orig-file=\"https:\/\/i0.wp.com\/orecc.fr\/forez\/wp-content\/uploads\/sites\/9\/2024\/07\/Closed-Holiday-Instagram-Post.png?fit=1080%2C1080&amp;ssl=1\" data-orig-size=\"1080,1080\" data-comments-opened=\"0\" data-image-meta=\"{&quot;aperture&quot;:&quot;0&quot;,&quot;credit&quot;:&quot;&quot;,&quot;camera&quot;:&quot;&quot;,&quot;caption&quot;:&quot;&quot;,&quot;created_timestamp&quot;:&quot;0&quot;,&quot;copyright&quot;:&quot;&quot;,&quot;focal_length&quot;:&quot;0&quot;,&quot;iso&quot;:&quot;0&quot;,&quot;shutter_speed&quot;:&quot;0&quot;,&quot;title&quot;:&quot;&quot;,&quot;orientation&quot;:&quot;0&quot;}\" data-image-title=\"Closed Holiday Instagram Post\" data-image-description=\"\" data-image-caption=\"\" data-medium-file=\"https:\/\/i0.wp.com\/orecc.fr\/forez\/wp-content\/uploads\/sites\/9\/2024\/07\/Closed-Holiday-Instagram-Post.png?fit=300%2C300&amp;ssl=1\" data-large-file=\"https:\/\/i0.wp.com\/orecc.fr\/forez\/wp-content\/uploads\/sites\/9\/2024\/07\/Closed-Holiday-Instagram-Post.png?fit=700%2C700&amp;ssl=1\" srcset=\"https:\/\/i0.wp.com\/orecc.fr\/forez\/wp-content\/uploads\/sites\/9\/2024\/07\/Closed-Holiday-Instagram-Post.png?w=1080&amp;ssl=1 1080w, https:\/\/i0.wp.com\/orecc.fr\/forez\/wp-content\/uploads\/sites\/9\/2024\/07\/Closed-Holiday-Instagram-Post.png?resize=300%2C300&amp;ssl=1 300w, https:\/\/i0.wp.com\/orecc.fr\/forez\/wp-content\/uploads\/sites\/9\/2024\/07\/Closed-Holiday-Instagram-Post.png?resize=700%2C700&amp;ssl=1 700w, https:\/\/i0.wp.com\/orecc.fr\/forez\/wp-content\/uploads\/sites\/9\/2024\/07\/Closed-Holiday-Instagram-Post.png?resize=150%2C150&amp;ssl=1 150w, https:\/\/i0.wp.com\/orecc.fr\/forez\/wp-content\/uploads\/sites\/9\/2024\/07\/Closed-Holiday-Instagram-Post.png?resize=768%2C768&amp;ssl=1 768w\" sizes=\"(max-width: 300px) 100vw, 300px\" \/><\/div>\n\t\t<\/a>\n\t\t\t\t<div class=\"elementor-post__text\">\n\t\t\t\t<h3 class=\"elementor-post__title\">\n\t\t\t<a href=\"https:\/\/orecc.fr\/forez\/taxes-sur-laffectation-des-vehicules-a-des-fins-economiques-ex-tvs\/\" >\n\t\t\t\tTaxes sur l&rsquo;affectation des v\u00e9hicules \u00e0 des fins \u00e9conomiques (ex-TVS)\t\t\t<\/a>\n\t\t<\/h3>\n\t\t\t\t<div class=\"elementor-post__meta-data\">\n\t\t\t\t\t<span class=\"elementor-post-date\">\n\t\t\t17 juillet 2024\t\t<\/span>\n\t\t\t\t<span class=\"elementor-post-avatar\">\n\t\t\tAucun commentaire\t\t<\/span>\n\t\t\t\t<\/div>\n\t\t\t\t<div class=\"elementor-post__excerpt\">\n\t\t\t<p>Vous poss\u00e9dez un v\u00e9hicule que vous utilisez dans le cadre de votre activit\u00e9 professionnelle&nbsp;? Il est possible que vous soyez soumis \u00e0 la&nbsp;TVS. Si vous<\/p>\n\t\t<\/div>\n\t\t\t\t\t<div class=\"elementor-post__read-more-wrapper\">\n\t\t\n\t\t<a class=\"elementor-post__read-more\" href=\"https:\/\/orecc.fr\/forez\/taxes-sur-laffectation-des-vehicules-a-des-fins-economiques-ex-tvs\/\" aria-label=\"En savoir plus sur Taxes sur l&rsquo;affectation des v\u00e9hicules \u00e0 des fins \u00e9conomiques (ex-TVS)\" tabindex=\"-1\" >\n\t\t\tLire la suite \u00bb\t\t<\/a>\n\n\t\t\t\t\t<\/div>\n\t\t\t\t<\/div>\n\t\t\t\t<\/article>\n\t\t\t\t<article class=\"elementor-post elementor-grid-item post-2936 post type-post status-publish format-standard has-post-thumbnail hentry category-blog tag-jei tag-jeune-entreprie tag-regime-fiscal-2\">\n\t\t\t\t<a class=\"elementor-post__thumbnail__link\" href=\"https:\/\/orecc.fr\/forez\/le-regime-fiscal-des-jeunes-entreprises-innovantes-jei\/\" tabindex=\"-1\" >\n\t\t\t<div class=\"elementor-post__thumbnail\"><img loading=\"lazy\" decoding=\"async\" data-attachment-id=\"1550\" data-permalink=\"https:\/\/orecc.fr\/forez\/cropped-register-810546_640-jpg\/\" data-orig-file=\"https:\/\/i0.wp.com\/orecc.fr\/forez\/wp-content\/uploads\/sites\/9\/2020\/04\/cropped-register-810546_640.jpg?fit=636%2C423&amp;ssl=1\" data-orig-size=\"636,423\" data-comments-opened=\"1\" data-image-meta=\"{&quot;aperture&quot;:&quot;0&quot;,&quot;credit&quot;:&quot;&quot;,&quot;camera&quot;:&quot;&quot;,&quot;caption&quot;:&quot;&quot;,&quot;created_timestamp&quot;:&quot;0&quot;,&quot;copyright&quot;:&quot;&quot;,&quot;focal_length&quot;:&quot;0&quot;,&quot;iso&quot;:&quot;0&quot;,&quot;shutter_speed&quot;:&quot;0&quot;,&quot;title&quot;:&quot;&quot;,&quot;orientation&quot;:&quot;0&quot;}\" data-image-title=\"cropped-register-810546_640.jpg\" data-image-description=\"&lt;p&gt;https:\/\/orecc.fr\/forez\/wp-content\/uploads\/sites\/9\/2020\/04\/cropped-register-810546_640.jpg&lt;\/p&gt;\n\" data-image-caption=\"\" data-medium-file=\"https:\/\/i0.wp.com\/orecc.fr\/forez\/wp-content\/uploads\/sites\/9\/2020\/04\/cropped-register-810546_640.jpg?fit=300%2C200&amp;ssl=1\" data-large-file=\"https:\/\/i0.wp.com\/orecc.fr\/forez\/wp-content\/uploads\/sites\/9\/2020\/04\/cropped-register-810546_640.jpg?fit=636%2C423&amp;ssl=1\" width=\"300\" height=\"200\" src=\"https:\/\/i0.wp.com\/orecc.fr\/forez\/wp-content\/uploads\/sites\/9\/2020\/04\/cropped-register-810546_640.jpg?fit=300%2C200&amp;ssl=1\" class=\"attachment-medium size-medium wp-image-1550\" alt=\"\" data-attachment-id=\"1550\" data-permalink=\"https:\/\/orecc.fr\/forez\/cropped-register-810546_640-jpg\/\" data-orig-file=\"https:\/\/i0.wp.com\/orecc.fr\/forez\/wp-content\/uploads\/sites\/9\/2020\/04\/cropped-register-810546_640.jpg?fit=636%2C423&amp;ssl=1\" data-orig-size=\"636,423\" data-comments-opened=\"1\" data-image-meta=\"{&quot;aperture&quot;:&quot;0&quot;,&quot;credit&quot;:&quot;&quot;,&quot;camera&quot;:&quot;&quot;,&quot;caption&quot;:&quot;&quot;,&quot;created_timestamp&quot;:&quot;0&quot;,&quot;copyright&quot;:&quot;&quot;,&quot;focal_length&quot;:&quot;0&quot;,&quot;iso&quot;:&quot;0&quot;,&quot;shutter_speed&quot;:&quot;0&quot;,&quot;title&quot;:&quot;&quot;,&quot;orientation&quot;:&quot;0&quot;}\" data-image-title=\"cropped-register-810546_640.jpg\" data-image-description=\"&lt;p&gt;https:\/\/orecc.fr\/forez\/wp-content\/uploads\/sites\/9\/2020\/04\/cropped-register-810546_640.jpg&lt;\/p&gt;\n\" data-image-caption=\"\" data-medium-file=\"https:\/\/i0.wp.com\/orecc.fr\/forez\/wp-content\/uploads\/sites\/9\/2020\/04\/cropped-register-810546_640.jpg?fit=300%2C200&amp;ssl=1\" data-large-file=\"https:\/\/i0.wp.com\/orecc.fr\/forez\/wp-content\/uploads\/sites\/9\/2020\/04\/cropped-register-810546_640.jpg?fit=636%2C423&amp;ssl=1\" srcset=\"https:\/\/i0.wp.com\/orecc.fr\/forez\/wp-content\/uploads\/sites\/9\/2020\/04\/cropped-register-810546_640.jpg?w=636&amp;ssl=1 636w, https:\/\/i0.wp.com\/orecc.fr\/forez\/wp-content\/uploads\/sites\/9\/2020\/04\/cropped-register-810546_640.jpg?resize=300%2C200&amp;ssl=1 300w\" sizes=\"(max-width: 300px) 100vw, 300px\" \/><\/div>\n\t\t<\/a>\n\t\t\t\t<div class=\"elementor-post__text\">\n\t\t\t\t<h3 class=\"elementor-post__title\">\n\t\t\t<a href=\"https:\/\/orecc.fr\/forez\/le-regime-fiscal-des-jeunes-entreprises-innovantes-jei\/\" >\n\t\t\t\tLe r\u00e9gime fiscal des jeunes entreprises innovantes (JEI)\t\t\t<\/a>\n\t\t<\/h3>\n\t\t\t\t<div class=\"elementor-post__meta-data\">\n\t\t\t\t\t<span class=\"elementor-post-date\">\n\t\t\t29 mars 2024\t\t<\/span>\n\t\t\t\t<span class=\"elementor-post-avatar\">\n\t\t\tAucun commentaire\t\t<\/span>\n\t\t\t\t<\/div>\n\t\t\t\t<div class=\"elementor-post__excerpt\">\n\t\t\t<p>Les entreprises b\u00e9n\u00e9ficiant du statut de jeune entreprise innovante (JEI) ou universitaire (JEU), peuvent b\u00e9n\u00e9ficier de certaines exon\u00e9rations fiscales et sociales. Depuis le 1er janvier<\/p>\n\t\t<\/div>\n\t\t\t\t\t<div class=\"elementor-post__read-more-wrapper\">\n\t\t\n\t\t<a class=\"elementor-post__read-more\" href=\"https:\/\/orecc.fr\/forez\/le-regime-fiscal-des-jeunes-entreprises-innovantes-jei\/\" aria-label=\"En savoir plus sur Le r\u00e9gime fiscal des jeunes entreprises innovantes (JEI)\" tabindex=\"-1\" >\n\t\t\tLire la suite \u00bb\t\t<\/a>\n\n\t\t\t\t\t<\/div>\n\t\t\t\t<\/div>\n\t\t\t\t<\/article>\n\t\t\t\t<article class=\"elementor-post elementor-grid-item post-2929 post type-post status-publish format-standard has-post-thumbnail hentry category-blog tag-employeur tag-fermeture\">\n\t\t\t\t<a class=\"elementor-post__thumbnail__link\" href=\"https:\/\/orecc.fr\/forez\/la-fermeture-de-lentreprise-pour-conges-annuels\/\" tabindex=\"-1\" >\n\t\t\t<div class=\"elementor-post__thumbnail\"><img loading=\"lazy\" decoding=\"async\" data-attachment-id=\"2933\" data-permalink=\"https:\/\/orecc.fr\/forez\/la-fermeture-de-lentreprise-pour-conges-annuels\/closed-holiday-instagram-post\/\" data-orig-file=\"https:\/\/i0.wp.com\/orecc.fr\/forez\/wp-content\/uploads\/sites\/9\/2024\/03\/Closed-Holiday-Instagram-Post.jpg?fit=1350%2C1350&amp;ssl=1\" data-orig-size=\"1350,1350\" data-comments-opened=\"0\" data-image-meta=\"{&quot;aperture&quot;:&quot;0&quot;,&quot;credit&quot;:&quot;&quot;,&quot;camera&quot;:&quot;&quot;,&quot;caption&quot;:&quot;&quot;,&quot;created_timestamp&quot;:&quot;0&quot;,&quot;copyright&quot;:&quot;&quot;,&quot;focal_length&quot;:&quot;0&quot;,&quot;iso&quot;:&quot;0&quot;,&quot;shutter_speed&quot;:&quot;0&quot;,&quot;title&quot;:&quot;&quot;,&quot;orientation&quot;:&quot;1&quot;}\" data-image-title=\"Closed Holiday Instagram Post\" data-image-description=\"\" data-image-caption=\"\" data-medium-file=\"https:\/\/i0.wp.com\/orecc.fr\/forez\/wp-content\/uploads\/sites\/9\/2024\/03\/Closed-Holiday-Instagram-Post.jpg?fit=300%2C300&amp;ssl=1\" data-large-file=\"https:\/\/i0.wp.com\/orecc.fr\/forez\/wp-content\/uploads\/sites\/9\/2024\/03\/Closed-Holiday-Instagram-Post.jpg?fit=700%2C700&amp;ssl=1\" width=\"300\" height=\"300\" src=\"https:\/\/i0.wp.com\/orecc.fr\/forez\/wp-content\/uploads\/sites\/9\/2024\/03\/Closed-Holiday-Instagram-Post.jpg?fit=300%2C300&amp;ssl=1\" class=\"attachment-medium size-medium wp-image-2933\" alt=\"\" data-attachment-id=\"2933\" data-permalink=\"https:\/\/orecc.fr\/forez\/la-fermeture-de-lentreprise-pour-conges-annuels\/closed-holiday-instagram-post\/\" data-orig-file=\"https:\/\/i0.wp.com\/orecc.fr\/forez\/wp-content\/uploads\/sites\/9\/2024\/03\/Closed-Holiday-Instagram-Post.jpg?fit=1350%2C1350&amp;ssl=1\" data-orig-size=\"1350,1350\" data-comments-opened=\"0\" data-image-meta=\"{&quot;aperture&quot;:&quot;0&quot;,&quot;credit&quot;:&quot;&quot;,&quot;camera&quot;:&quot;&quot;,&quot;caption&quot;:&quot;&quot;,&quot;created_timestamp&quot;:&quot;0&quot;,&quot;copyright&quot;:&quot;&quot;,&quot;focal_length&quot;:&quot;0&quot;,&quot;iso&quot;:&quot;0&quot;,&quot;shutter_speed&quot;:&quot;0&quot;,&quot;title&quot;:&quot;&quot;,&quot;orientation&quot;:&quot;1&quot;}\" data-image-title=\"Closed Holiday Instagram Post\" data-image-description=\"\" data-image-caption=\"\" data-medium-file=\"https:\/\/i0.wp.com\/orecc.fr\/forez\/wp-content\/uploads\/sites\/9\/2024\/03\/Closed-Holiday-Instagram-Post.jpg?fit=300%2C300&amp;ssl=1\" data-large-file=\"https:\/\/i0.wp.com\/orecc.fr\/forez\/wp-content\/uploads\/sites\/9\/2024\/03\/Closed-Holiday-Instagram-Post.jpg?fit=700%2C700&amp;ssl=1\" srcset=\"https:\/\/i0.wp.com\/orecc.fr\/forez\/wp-content\/uploads\/sites\/9\/2024\/03\/Closed-Holiday-Instagram-Post.jpg?w=1350&amp;ssl=1 1350w, https:\/\/i0.wp.com\/orecc.fr\/forez\/wp-content\/uploads\/sites\/9\/2024\/03\/Closed-Holiday-Instagram-Post.jpg?resize=300%2C300&amp;ssl=1 300w, https:\/\/i0.wp.com\/orecc.fr\/forez\/wp-content\/uploads\/sites\/9\/2024\/03\/Closed-Holiday-Instagram-Post.jpg?resize=700%2C700&amp;ssl=1 700w, https:\/\/i0.wp.com\/orecc.fr\/forez\/wp-content\/uploads\/sites\/9\/2024\/03\/Closed-Holiday-Instagram-Post.jpg?resize=150%2C150&amp;ssl=1 150w, https:\/\/i0.wp.com\/orecc.fr\/forez\/wp-content\/uploads\/sites\/9\/2024\/03\/Closed-Holiday-Instagram-Post.jpg?resize=768%2C768&amp;ssl=1 768w\" sizes=\"(max-width: 300px) 100vw, 300px\" \/><\/div>\n\t\t<\/a>\n\t\t\t\t<div class=\"elementor-post__text\">\n\t\t\t\t<h3 class=\"elementor-post__title\">\n\t\t\t<a href=\"https:\/\/orecc.fr\/forez\/la-fermeture-de-lentreprise-pour-conges-annuels\/\" >\n\t\t\t\tLa fermeture de l&rsquo;entreprise pour cong\u00e9s annuels\t\t\t<\/a>\n\t\t<\/h3>\n\t\t\t\t<div class=\"elementor-post__meta-data\">\n\t\t\t\t\t<span class=\"elementor-post-date\">\n\t\t\t26 mars 2024\t\t<\/span>\n\t\t\t\t<span class=\"elementor-post-avatar\">\n\t\t\tAucun commentaire\t\t<\/span>\n\t\t\t\t<\/div>\n\t\t\t\t<div class=\"elementor-post__excerpt\">\n\t\t\t<p>L\u2019employeur, en raison de son pouvoir discr\u00e9tionnaire, peut d\u00e9cider que les cong\u00e9s pay\u00e9s annuels seront pris pendant la p\u00e9riode de fermeture de l\u2019entreprise. L\u2019ensemble du<\/p>\n\t\t<\/div>\n\t\t\t\t\t<div class=\"elementor-post__read-more-wrapper\">\n\t\t\n\t\t<a class=\"elementor-post__read-more\" href=\"https:\/\/orecc.fr\/forez\/la-fermeture-de-lentreprise-pour-conges-annuels\/\" aria-label=\"En savoir plus sur La fermeture de l&rsquo;entreprise pour cong\u00e9s annuels\" tabindex=\"-1\" >\n\t\t\tLire la suite \u00bb\t\t<\/a>\n\n\t\t\t\t\t<\/div>\n\t\t\t\t<\/div>\n\t\t\t\t<\/article>\n\t\t\t\t<article class=\"elementor-post elementor-grid-item post-2921 post type-post status-publish format-standard has-post-thumbnail hentry category-blog tag-loi tag-partage tag-ppv tag-prime\">\n\t\t\t\t<a class=\"elementor-post__thumbnail__link\" href=\"https:\/\/orecc.fr\/forez\/la-loi-relative-au-partage-de-la-valeur\/\" tabindex=\"-1\" >\n\t\t\t<div class=\"elementor-post__thumbnail\"><img loading=\"lazy\" decoding=\"async\" data-attachment-id=\"2925\" data-permalink=\"https:\/\/orecc.fr\/forez\/light-beige-and-white-simple-2024-year-planner-calendar-2\/\" data-orig-file=\"https:\/\/i0.wp.com\/orecc.fr\/forez\/wp-content\/uploads\/sites\/9\/2024\/03\/Light-Beige-and-White-Simple-2024-Year-Planner-Calendar.jpg?fit=1920%2C1080&amp;ssl=1\" data-orig-size=\"1920,1080\" data-comments-opened=\"0\" data-image-meta=\"{&quot;aperture&quot;:&quot;0&quot;,&quot;credit&quot;:&quot;&quot;,&quot;camera&quot;:&quot;&quot;,&quot;caption&quot;:&quot;&quot;,&quot;created_timestamp&quot;:&quot;0&quot;,&quot;copyright&quot;:&quot;&quot;,&quot;focal_length&quot;:&quot;0&quot;,&quot;iso&quot;:&quot;0&quot;,&quot;shutter_speed&quot;:&quot;0&quot;,&quot;title&quot;:&quot;&quot;,&quot;orientation&quot;:&quot;1&quot;}\" data-image-title=\"Light Beige and White Simple 2024 Year Planner Calendar\" data-image-description=\"\" data-image-caption=\"\" data-medium-file=\"https:\/\/i0.wp.com\/orecc.fr\/forez\/wp-content\/uploads\/sites\/9\/2024\/03\/Light-Beige-and-White-Simple-2024-Year-Planner-Calendar.jpg?fit=300%2C169&amp;ssl=1\" data-large-file=\"https:\/\/i0.wp.com\/orecc.fr\/forez\/wp-content\/uploads\/sites\/9\/2024\/03\/Light-Beige-and-White-Simple-2024-Year-Planner-Calendar.jpg?fit=700%2C394&amp;ssl=1\" width=\"300\" height=\"169\" src=\"https:\/\/i0.wp.com\/orecc.fr\/forez\/wp-content\/uploads\/sites\/9\/2024\/03\/Light-Beige-and-White-Simple-2024-Year-Planner-Calendar.jpg?fit=300%2C169&amp;ssl=1\" class=\"attachment-medium size-medium wp-image-2925\" alt=\"\" data-attachment-id=\"2925\" data-permalink=\"https:\/\/orecc.fr\/forez\/light-beige-and-white-simple-2024-year-planner-calendar-2\/\" data-orig-file=\"https:\/\/i0.wp.com\/orecc.fr\/forez\/wp-content\/uploads\/sites\/9\/2024\/03\/Light-Beige-and-White-Simple-2024-Year-Planner-Calendar.jpg?fit=1920%2C1080&amp;ssl=1\" data-orig-size=\"1920,1080\" data-comments-opened=\"0\" data-image-meta=\"{&quot;aperture&quot;:&quot;0&quot;,&quot;credit&quot;:&quot;&quot;,&quot;camera&quot;:&quot;&quot;,&quot;caption&quot;:&quot;&quot;,&quot;created_timestamp&quot;:&quot;0&quot;,&quot;copyright&quot;:&quot;&quot;,&quot;focal_length&quot;:&quot;0&quot;,&quot;iso&quot;:&quot;0&quot;,&quot;shutter_speed&quot;:&quot;0&quot;,&quot;title&quot;:&quot;&quot;,&quot;orientation&quot;:&quot;1&quot;}\" data-image-title=\"Light Beige and White Simple 2024 Year Planner Calendar\" data-image-description=\"\" data-image-caption=\"\" data-medium-file=\"https:\/\/i0.wp.com\/orecc.fr\/forez\/wp-content\/uploads\/sites\/9\/2024\/03\/Light-Beige-and-White-Simple-2024-Year-Planner-Calendar.jpg?fit=300%2C169&amp;ssl=1\" data-large-file=\"https:\/\/i0.wp.com\/orecc.fr\/forez\/wp-content\/uploads\/sites\/9\/2024\/03\/Light-Beige-and-White-Simple-2024-Year-Planner-Calendar.jpg?fit=700%2C394&amp;ssl=1\" srcset=\"https:\/\/i0.wp.com\/orecc.fr\/forez\/wp-content\/uploads\/sites\/9\/2024\/03\/Light-Beige-and-White-Simple-2024-Year-Planner-Calendar.jpg?w=1920&amp;ssl=1 1920w, https:\/\/i0.wp.com\/orecc.fr\/forez\/wp-content\/uploads\/sites\/9\/2024\/03\/Light-Beige-and-White-Simple-2024-Year-Planner-Calendar.jpg?resize=300%2C169&amp;ssl=1 300w, https:\/\/i0.wp.com\/orecc.fr\/forez\/wp-content\/uploads\/sites\/9\/2024\/03\/Light-Beige-and-White-Simple-2024-Year-Planner-Calendar.jpg?resize=700%2C394&amp;ssl=1 700w, https:\/\/i0.wp.com\/orecc.fr\/forez\/wp-content\/uploads\/sites\/9\/2024\/03\/Light-Beige-and-White-Simple-2024-Year-Planner-Calendar.jpg?resize=768%2C432&amp;ssl=1 768w, https:\/\/i0.wp.com\/orecc.fr\/forez\/wp-content\/uploads\/sites\/9\/2024\/03\/Light-Beige-and-White-Simple-2024-Year-Planner-Calendar.jpg?resize=1536%2C864&amp;ssl=1 1536w, https:\/\/i0.wp.com\/orecc.fr\/forez\/wp-content\/uploads\/sites\/9\/2024\/03\/Light-Beige-and-White-Simple-2024-Year-Planner-Calendar.jpg?w=1600&amp;ssl=1 1600w\" sizes=\"(max-width: 300px) 100vw, 300px\" \/><\/div>\n\t\t<\/a>\n\t\t\t\t<div class=\"elementor-post__text\">\n\t\t\t\t<h3 class=\"elementor-post__title\">\n\t\t\t<a href=\"https:\/\/orecc.fr\/forez\/la-loi-relative-au-partage-de-la-valeur\/\" >\n\t\t\t\tLa loi relative au partage de la valeur\t\t\t<\/a>\n\t\t<\/h3>\n\t\t\t\t<div class=\"elementor-post__meta-data\">\n\t\t\t\t\t<span class=\"elementor-post-date\">\n\t\t\t11 mars 2024\t\t<\/span>\n\t\t\t\t<span class=\"elementor-post-avatar\">\n\t\t\tAucun commentaire\t\t<\/span>\n\t\t\t\t<\/div>\n\t\t\t\t<div class=\"elementor-post__excerpt\">\n\t\t\t<p>La loi n\u00b0&nbsp;2023-1107 du 29 novembre 2023 portant transposition de l\u2019accord national interprofessionnel sur le partage de la valeur en entreprise est entr\u00e9e en vigueur<\/p>\n\t\t<\/div>\n\t\t\t\t\t<div class=\"elementor-post__read-more-wrapper\">\n\t\t\n\t\t<a class=\"elementor-post__read-more\" href=\"https:\/\/orecc.fr\/forez\/la-loi-relative-au-partage-de-la-valeur\/\" aria-label=\"En savoir plus sur La loi relative au partage de la valeur\" tabindex=\"-1\" >\n\t\t\tLire la suite \u00bb\t\t<\/a>\n\n\t\t\t\t\t<\/div>\n\t\t\t\t<\/div>\n\t\t\t\t<\/article>\n\t\t\t\t<\/div>\n\t\t\n\t\t\t\t<\/div>\n\t\t\t\t<\/div>\n\t\t\t\t<div class=\"elementor-element elementor-element-0757b49 elementor-align-center e-transform elementor-widget elementor-widget-button\" data-id=\"0757b49\" data-element_type=\"widget\" data-settings=\"{&quot;_transform_scale_effect_hover&quot;:{&quot;unit&quot;:&quot;px&quot;,&quot;size&quot;:0.9,&quot;sizes&quot;:[]},&quot;_transform_scale_effect_hover_tablet&quot;:{&quot;unit&quot;:&quot;px&quot;,&quot;size&quot;:&quot;&quot;,&quot;sizes&quot;:[]},&quot;_transform_scale_effect_hover_mobile&quot;:{&quot;unit&quot;:&quot;px&quot;,&quot;size&quot;:&quot;&quot;,&quot;sizes&quot;:[]}}\" data-widget_type=\"button.default\">\n\t\t\t\t<div class=\"elementor-widget-container\">\n\t\t\t\t\t<div class=\"elementor-button-wrapper\">\n\t\t\t<a class=\"elementor-button elementor-button-link elementor-size-sm\" href=\"https:\/\/orecc.fr\/forez\/actualite-comptable-gestion\/\">\n\t\t\t\t\t\t<span class=\"elementor-button-content-wrapper\">\n\t\t\t\t\t\t\t\t\t<span class=\"elementor-button-text\">Toutes les actualit\u00e9s<\/span>\n\t\t\t\t\t<\/span>\n\t\t\t\t\t<\/a>\n\t\t<\/div>\n\t\t\t\t<\/div>\n\t\t\t\t<\/div>\n\t\t\t\t\t<\/div>\n\t\t\t\t<\/div>\n\t\t\t\t<\/div>\n\t\t","protected":false},"excerpt":{"rendered":"<p>Un cabinet d&rsquo;expertise comptable proche de vous La comptabilit\u00e9 est un \u00e9l\u00e9ment cl\u00e9 de la r\u00e9ussite de votre entreprise. Pour cela, le cabinet d&rsquo;expert comptable de Montbrison \/ Savigneux ORECC Forez vous accompagne dans chacune de vos d\u00e9marches et dans le suivi de vos projet afin d&rsquo;optimiser votre structure et votre rendement. D\u00e9couvrir ORECC Expert [&hellip;]<\/p>\n","protected":false},"author":1,"featured_media":0,"parent":0,"menu_order":0,"comment_status":"closed","ping_status":"closed","template":"","meta":{"jetpack_post_was_ever_published":true,"footnotes":""},"class_list":["post-2293","page","type-page","status-publish","hentry"],"yoast_head":"<!-- This site is optimized with the Yoast SEO plugin v23.5 - https:\/\/yoast.com\/wordpress\/plugins\/seo\/ -->\n<title>Cabinet ORECC Forez Montbrison Savigneux - Expert comptable<\/title>\n<meta name=\"description\" content=\"Expert comptable Montbrison \/ Savigneux ORECC Forez - Notre expertise, votre int\u00e9r\u00eat. Des offres de comptabilit\u00e9 et de gestion sur mesure.\" \/>\n<meta name=\"robots\" content=\"index, follow, max-snippet:-1, max-image-preview:large, max-video-preview:-1\" \/>\n<link rel=\"canonical\" href=\"https:\/\/orecc.fr\/forez\/\" \/>\n<meta property=\"og:locale\" content=\"fr_FR\" \/>\n<meta property=\"og:type\" content=\"article\" \/>\n<meta property=\"og:title\" content=\"Cabinet ORECC Forez Montbrison Savigneux - Expert comptable\" \/>\n<meta property=\"og:description\" content=\"Expert comptable Montbrison \/ Savigneux ORECC Forez - Notre expertise, votre int\u00e9r\u00eat. Des offres de comptabilit\u00e9 et de gestion sur mesure.\" \/>\n<meta property=\"og:url\" content=\"https:\/\/orecc.fr\/forez\/\" \/>\n<meta property=\"og:site_name\" content=\"ORECC Forez Montbrison Savigneux - Expert comptable\" \/>\n<meta property=\"article:modified_time\" content=\"2024-10-24T12:14:02+00:00\" \/>\n<meta property=\"og:image\" content=\"https:\/\/orecc.fr\/forez\/wp-content\/uploads\/sites\/9\/2020\/03\/joshua-earle-87JyMb9ZfU-unsplash-700x467.jpg\" \/>\n<meta name=\"twitter:card\" content=\"summary_large_image\" \/>\n<meta name=\"twitter:site\" content=\"@orecc\" \/>\n<meta name=\"twitter:label1\" content=\"Dur\u00e9e de lecture estim\u00e9e\" \/>\n\t<meta name=\"twitter:data1\" content=\"3 minutes\" \/>\n<script type=\"application\/ld+json\" class=\"yoast-schema-graph\">{\"@context\":\"https:\/\/schema.org\",\"@graph\":[{\"@type\":\"WebPage\",\"@id\":\"https:\/\/orecc.fr\/forez\/\",\"url\":\"https:\/\/orecc.fr\/forez\/\",\"name\":\"Cabinet ORECC Forez Montbrison Savigneux - Expert comptable\",\"isPartOf\":{\"@id\":\"https:\/\/orecc.fr\/forez\/#website\"},\"primaryImageOfPage\":{\"@id\":\"https:\/\/orecc.fr\/forez\/#primaryimage\"},\"image\":{\"@id\":\"https:\/\/orecc.fr\/forez\/#primaryimage\"},\"thumbnailUrl\":\"https:\/\/orecc.fr\/forez\/wp-content\/uploads\/sites\/9\/2020\/03\/joshua-earle-87JyMb9ZfU-unsplash-700x467.jpg\",\"datePublished\":\"2023-01-04T10:19:29+00:00\",\"dateModified\":\"2024-10-24T12:14:02+00:00\",\"description\":\"Expert comptable Montbrison \/ Savigneux ORECC Forez - Notre expertise, votre int\u00e9r\u00eat. Des offres de comptabilit\u00e9 et de gestion sur mesure.\",\"breadcrumb\":{\"@id\":\"https:\/\/orecc.fr\/forez\/#breadcrumb\"},\"inLanguage\":\"fr-FR\",\"potentialAction\":[{\"@type\":\"ReadAction\",\"target\":[\"https:\/\/orecc.fr\/forez\/\"]}]},{\"@type\":\"ImageObject\",\"inLanguage\":\"fr-FR\",\"@id\":\"https:\/\/orecc.fr\/forez\/#primaryimage\",\"url\":\"https:\/\/i0.wp.com\/orecc.fr\/forez\/wp-content\/uploads\/sites\/9\/2020\/03\/joshua-earle-87JyMb9ZfU-unsplash-scaled.jpg?fit=2560%2C1707&ssl=1\",\"contentUrl\":\"https:\/\/i0.wp.com\/orecc.fr\/forez\/wp-content\/uploads\/sites\/9\/2020\/03\/joshua-earle-87JyMb9ZfU-unsplash-scaled.jpg?fit=2560%2C1707&ssl=1\",\"width\":2560,\"height\":1707,\"caption\":\"orecc\"},{\"@type\":\"BreadcrumbList\",\"@id\":\"https:\/\/orecc.fr\/forez\/#breadcrumb\",\"itemListElement\":[{\"@type\":\"ListItem\",\"position\":1,\"name\":\"Accueil\",\"item\":\"https:\/\/orecc.fr\/forez\/\"},{\"@type\":\"ListItem\",\"position\":2,\"name\":\"Accueil\"}]},{\"@type\":\"WebSite\",\"@id\":\"https:\/\/orecc.fr\/forez\/#website\",\"url\":\"https:\/\/orecc.fr\/forez\/\",\"name\":\"ORECC Forez Montbrison Savigneux - Expert comptable\",\"description\":\"Expertise Comptable Nouvelle G\u00e9n\u00e9ration\",\"publisher\":{\"@id\":\"https:\/\/orecc.fr\/forez\/#organization\"},\"potentialAction\":[{\"@type\":\"SearchAction\",\"target\":{\"@type\":\"EntryPoint\",\"urlTemplate\":\"https:\/\/orecc.fr\/forez\/?s={search_term_string}\"},\"query-input\":{\"@type\":\"PropertyValueSpecification\",\"valueRequired\":true,\"valueName\":\"search_term_string\"}}],\"inLanguage\":\"fr-FR\"},{\"@type\":\"Organization\",\"@id\":\"https:\/\/orecc.fr\/forez\/#organization\",\"name\":\"ORECC Forez\",\"alternateName\":\"ORECC\",\"url\":\"https:\/\/orecc.fr\/forez\/\",\"logo\":{\"@type\":\"ImageObject\",\"inLanguage\":\"fr-FR\",\"@id\":\"https:\/\/orecc.fr\/forez\/#\/schema\/logo\/image\/\",\"url\":\"https:\/\/i0.wp.com\/orecc.fr\/forez\/wp-content\/uploads\/sites\/9\/2023\/01\/cropped-logo-Experiens-Orecc-transparent-e1672742742504.png?fit=1000%2C1000&ssl=1\",\"contentUrl\":\"https:\/\/i0.wp.com\/orecc.fr\/forez\/wp-content\/uploads\/sites\/9\/2023\/01\/cropped-logo-Experiens-Orecc-transparent-e1672742742504.png?fit=1000%2C1000&ssl=1\",\"width\":1000,\"height\":1000,\"caption\":\"ORECC Forez\"},\"image\":{\"@id\":\"https:\/\/orecc.fr\/forez\/#\/schema\/logo\/image\/\"},\"sameAs\":[\"https:\/\/x.com\/orecc\",\"https:\/\/www.linkedin.com\/in\/orecc-forez-801174135\"]}]}<\/script>\n<!-- \/ Yoast SEO plugin. -->","yoast_head_json":{"title":"Cabinet ORECC Forez Montbrison Savigneux - Expert comptable","description":"Expert comptable Montbrison \/ Savigneux ORECC Forez - Notre expertise, votre int\u00e9r\u00eat. Des offres de comptabilit\u00e9 et de gestion sur mesure.","robots":{"index":"index","follow":"follow","max-snippet":"max-snippet:-1","max-image-preview":"max-image-preview:large","max-video-preview":"max-video-preview:-1"},"canonical":"https:\/\/orecc.fr\/forez\/","og_locale":"fr_FR","og_type":"article","og_title":"Cabinet ORECC Forez Montbrison Savigneux - Expert comptable","og_description":"Expert comptable Montbrison \/ Savigneux ORECC Forez - Notre expertise, votre int\u00e9r\u00eat. Des offres de comptabilit\u00e9 et de gestion sur mesure.","og_url":"https:\/\/orecc.fr\/forez\/","og_site_name":"ORECC Forez Montbrison Savigneux - Expert comptable","article_modified_time":"2024-10-24T12:14:02+00:00","og_image":[{"url":"https:\/\/orecc.fr\/forez\/wp-content\/uploads\/sites\/9\/2020\/03\/joshua-earle-87JyMb9ZfU-unsplash-700x467.jpg"}],"twitter_card":"summary_large_image","twitter_site":"@orecc","twitter_misc":{"Dur\u00e9e de lecture estim\u00e9e":"3 minutes"},"schema":{"@context":"https:\/\/schema.org","@graph":[{"@type":"WebPage","@id":"https:\/\/orecc.fr\/forez\/","url":"https:\/\/orecc.fr\/forez\/","name":"Cabinet ORECC Forez Montbrison Savigneux - Expert comptable","isPartOf":{"@id":"https:\/\/orecc.fr\/forez\/#website"},"primaryImageOfPage":{"@id":"https:\/\/orecc.fr\/forez\/#primaryimage"},"image":{"@id":"https:\/\/orecc.fr\/forez\/#primaryimage"},"thumbnailUrl":"https:\/\/orecc.fr\/forez\/wp-content\/uploads\/sites\/9\/2020\/03\/joshua-earle-87JyMb9ZfU-unsplash-700x467.jpg","datePublished":"2023-01-04T10:19:29+00:00","dateModified":"2024-10-24T12:14:02+00:00","description":"Expert comptable Montbrison \/ Savigneux ORECC Forez - Notre expertise, votre int\u00e9r\u00eat. Des offres de comptabilit\u00e9 et de gestion sur mesure.","breadcrumb":{"@id":"https:\/\/orecc.fr\/forez\/#breadcrumb"},"inLanguage":"fr-FR","potentialAction":[{"@type":"ReadAction","target":["https:\/\/orecc.fr\/forez\/"]}]},{"@type":"ImageObject","inLanguage":"fr-FR","@id":"https:\/\/orecc.fr\/forez\/#primaryimage","url":"https:\/\/i0.wp.com\/orecc.fr\/forez\/wp-content\/uploads\/sites\/9\/2020\/03\/joshua-earle-87JyMb9ZfU-unsplash-scaled.jpg?fit=2560%2C1707&ssl=1","contentUrl":"https:\/\/i0.wp.com\/orecc.fr\/forez\/wp-content\/uploads\/sites\/9\/2020\/03\/joshua-earle-87JyMb9ZfU-unsplash-scaled.jpg?fit=2560%2C1707&ssl=1","width":2560,"height":1707,"caption":"orecc"},{"@type":"BreadcrumbList","@id":"https:\/\/orecc.fr\/forez\/#breadcrumb","itemListElement":[{"@type":"ListItem","position":1,"name":"Accueil","item":"https:\/\/orecc.fr\/forez\/"},{"@type":"ListItem","position":2,"name":"Accueil"}]},{"@type":"WebSite","@id":"https:\/\/orecc.fr\/forez\/#website","url":"https:\/\/orecc.fr\/forez\/","name":"ORECC Forez Montbrison Savigneux - Expert comptable","description":"Expertise Comptable Nouvelle G\u00e9n\u00e9ration","publisher":{"@id":"https:\/\/orecc.fr\/forez\/#organization"},"potentialAction":[{"@type":"SearchAction","target":{"@type":"EntryPoint","urlTemplate":"https:\/\/orecc.fr\/forez\/?s={search_term_string}"},"query-input":{"@type":"PropertyValueSpecification","valueRequired":true,"valueName":"search_term_string"}}],"inLanguage":"fr-FR"},{"@type":"Organization","@id":"https:\/\/orecc.fr\/forez\/#organization","name":"ORECC Forez","alternateName":"ORECC","url":"https:\/\/orecc.fr\/forez\/","logo":{"@type":"ImageObject","inLanguage":"fr-FR","@id":"https:\/\/orecc.fr\/forez\/#\/schema\/logo\/image\/","url":"https:\/\/i0.wp.com\/orecc.fr\/forez\/wp-content\/uploads\/sites\/9\/2023\/01\/cropped-logo-Experiens-Orecc-transparent-e1672742742504.png?fit=1000%2C1000&ssl=1","contentUrl":"https:\/\/i0.wp.com\/orecc.fr\/forez\/wp-content\/uploads\/sites\/9\/2023\/01\/cropped-logo-Experiens-Orecc-transparent-e1672742742504.png?fit=1000%2C1000&ssl=1","width":1000,"height":1000,"caption":"ORECC Forez"},"image":{"@id":"https:\/\/orecc.fr\/forez\/#\/schema\/logo\/image\/"},"sameAs":["https:\/\/x.com\/orecc","https:\/\/www.linkedin.com\/in\/orecc-forez-801174135"]}]}},"jetpack_sharing_enabled":true,"jetpack_shortlink":"https:\/\/wp.me\/PaPBAg-AZ","jetpack-related-posts":[],"_links":{"self":[{"href":"https:\/\/orecc.fr\/forez\/wp-json\/wp\/v2\/pages\/2293"}],"collection":[{"href":"https:\/\/orecc.fr\/forez\/wp-json\/wp\/v2\/pages"}],"about":[{"href":"https:\/\/orecc.fr\/forez\/wp-json\/wp\/v2\/types\/page"}],"author":[{"embeddable":true,"href":"https:\/\/orecc.fr\/forez\/wp-json\/wp\/v2\/users\/1"}],"replies":[{"embeddable":true,"href":"https:\/\/orecc.fr\/forez\/wp-json\/wp\/v2\/comments?post=2293"}],"version-history":[{"count":212,"href":"https:\/\/orecc.fr\/forez\/wp-json\/wp\/v2\/pages\/2293\/revisions"}],"predecessor-version":[{"id":2876,"href":"https:\/\/orecc.fr\/forez\/wp-json\/wp\/v2\/pages\/2293\/revisions\/2876"}],"wp:attachment":[{"href":"https:\/\/orecc.fr\/forez\/wp-json\/wp\/v2\/media?parent=2293"}],"curies":[{"name":"wp","href":"https:\/\/api.w.org\/{rel}","templated":true}]}}